{"id":464,"date":"2014-05-21T10:07:55","date_gmt":"2014-05-21T08:07:55","guid":{"rendered":"http:\/\/haufe-akademie.de\/blog\/?page_id=464"},"modified":"2026-02-26T12:59:13","modified_gmt":"2026-02-26T11:59:13","slug":"themen","status":"publish","type":"page","link":"https:\/\/www.haufe-akademie.de\/blog\/","title":{"rendered":"Blog-Themen"},"content":{"rendered":"\t\t\n\t\t\t\t\t<div class=\"row cf builder\">\n\t\t\t\n\t\t\n\t\t\t\t\t\n\t\t\t\t\t\t\t<div class=\"column builder one-1\">\n\t\t\t\t\t\t\t\n\t\t\t\t\t\t\n\t\t\t <\/div> \t\t\t\n\t\t\t\t\t\n\t\t\t\t\t<\/div>\n\t\t\t\n\t\t\n\t\t\t\t\n\t\t\t\n\t\t\n\t\t\t\t\t\n\t\t\t\t\t\t\t\n\t\t\t\t<div class=\"row cf highlights-box\"><div class=\"column half\">\n\n\t<section class=\"highlights\">\n\t\t\n\t\t\n\n\t\t\n\t\t\n\t\t\t<article itemscope itemtype=\"http:\/\/schema.org\/Article\">\n\n\t\t\t\t<div class=\"image-link\">\n\t\t\t\t\t<img loading=\"lazy\" decoding=\"async\" width=\"702\" height=\"336\" src=\"https:\/\/www.haufe-akademie.de\/blog\/wp-content\/uploads\/2026\/02\/Unternehmensstrategie-7-wichtige-Erfolgsfaktoren-702x336.png\" class=\"image wp-post-image\" alt=\"\" srcset=\"https:\/\/www.haufe-akademie.de\/blog\/wp-content\/uploads\/2026\/02\/Unternehmensstrategie-7-wichtige-Erfolgsfaktoren-702x336.png 702w, https:\/\/www.haufe-akademie.de\/blog\/wp-content\/uploads\/2026\/02\/Unternehmensstrategie-7-wichtige-Erfolgsfaktoren-150x72@2x.png 300w, https:\/\/www.haufe-akademie.de\/blog\/wp-content\/uploads\/2026\/02\/Unternehmensstrategie-7-wichtige-Erfolgsfaktoren-150x72.png 150w, https:\/\/www.haufe-akademie.de\/blog\/wp-content\/uploads\/2026\/02\/Unternehmensstrategie-7-wichtige-Erfolgsfaktoren.png 800w, https:\/\/www.haufe-akademie.de\/blog\/wp-content\/uploads\/2026\/02\/Unternehmensstrategie-7-wichtige-Erfolgsfaktoren-300x144@2x.png 600w\" sizes=\"auto, (max-width: 702px) 100vw, 702px\" \/>\n\t\t\t\t\t\t\t\t\t<\/div>\n\t\t\t\t\t\t\t\t\t<span class=\"cat-title larger cat-413\">\n\t\t\t\t\t\t<a href=\"https:\/\/www.haufe-akademie.de\/blog\/themen\/general-management\/\">General Management<\/a><\/span>\n\t\t\t\t\t\t\t\t<div class=\"highlights__content\">\n\t\t\t\t\t<div class=\"meta\">\n                        <time datetime=\"2026-02-11T09:00:22+01:00\" itemprop=\"datePublished\">27. Januar 2026 <\/time>\n\n                        \n\t\t\t\t\t\t<span class=\"comments\"><a href=\"https:\/\/www.haufe-akademie.de\/blog\/themen\/general-management\/unternehmensstrategie\/#respond\"><i class=\"fa fa-comments-o\"><\/i>\n\t\t\t\t\t\t\t0<\/a><\/span>\n\n\t\t\t\t\t<\/div>\n\n                    <a href=\"https:\/\/www.haufe-akademie.de\/blog\/themen\/general-management\/unternehmensstrategie\/\" itemprop=\"name headline\" class=\"highlights__title\">\n                        Unternehmensstrategie: 7 wichtige Erfolgsfaktoren                    <\/a>\n\n\t\t\t\t\t\n\t\t\t\t\t<!-- <div class=\"excerpt\">\n\t\t\t\t\t\t<p>W\u00e4hrend andere noch \u00fcber Quartalsberichte nachdenken, schmieden echte Marktf\u00fchrer:innen bereits ihre langfristige Unternehmensstrategie. Der Unterschied zwischen reaktivem \u00dcberleben und proaktivem&hellip;<\/p>\n\t\t\t\t\t<\/div> -->\n\n\t\t\t\t\t\t\t\t\t\t\n\t\t\t\t\t<svg class=\"link-arrow\" width=\"16\" height=\"15\" viewBox=\"0 0 13 12\" fill=\"none\" xmlns=\"http:\/\/www.w3.org\/2000\/svg\">\n\t\t\t\t\t\t<path fill-rule=\"evenodd\" clip-rule=\"evenodd\" d=\"M7.03033 0.469727L12.5607 6.00006L7.03033 11.5304L5.96967 10.4697L9.68934 6.75006H0V5.25006H9.68934L5.96967 1.53039L7.03033 0.469727Z\" fill=\"#6F01F5\"\/>\n\t\t\t\t\t<\/svg>\n\t\t\t\t<\/div>\n\n\t\t\t<\/article>\n\n\t\t\n\n\t\t\n\t\t\t\n\n\n\t\n\t<\/section>\n\t<\/div><div class=\"column half\">\n\n\t<section class=\"highlights\">\n\t\t\n\t\t\n\n\t\t\n\t\t\n\t\t\t<article itemscope itemtype=\"http:\/\/schema.org\/Article\">\n\n\t\t\t\t<div class=\"image-link\">\n\t\t\t\t\t<img loading=\"lazy\" decoding=\"async\" width=\"702\" height=\"336\" src=\"https:\/\/www.haufe-akademie.de\/blog\/wp-content\/uploads\/2025\/12\/Bloggrafik-Divergentes-Denken-800x384px-702x336.png\" class=\"image wp-post-image\" alt=\"\" srcset=\"https:\/\/www.haufe-akademie.de\/blog\/wp-content\/uploads\/2025\/12\/Bloggrafik-Divergentes-Denken-800x384px-702x336.png 702w, https:\/\/www.haufe-akademie.de\/blog\/wp-content\/uploads\/2025\/12\/Bloggrafik-Divergentes-Denken-800x384px-150x72@2x.png 300w, https:\/\/www.haufe-akademie.de\/blog\/wp-content\/uploads\/2025\/12\/Bloggrafik-Divergentes-Denken-800x384px-150x72.png 150w, https:\/\/www.haufe-akademie.de\/blog\/wp-content\/uploads\/2025\/12\/Bloggrafik-Divergentes-Denken-800x384px.png 800w, https:\/\/www.haufe-akademie.de\/blog\/wp-content\/uploads\/2025\/12\/Bloggrafik-Divergentes-Denken-800x384px-300x144@2x.png 600w\" sizes=\"auto, (max-width: 702px) 100vw, 702px\" \/>\n\t\t\t\t\t\t\t\t\t<\/div>\n\t\t\t\t\t\t\t\t\t<span class=\"cat-title larger cat-1380\">\n\t\t\t\t\t\t<a href=\"https:\/\/www.haufe-akademie.de\/blog\/themen\/change-management-digital-transformation\/\">Digital Transformation &amp; Change Management<\/a><\/span>\n\t\t\t\t\t\t\t\t<div class=\"highlights__content\">\n\t\t\t\t\t<div class=\"meta\">\n                        <time datetime=\"2026-01-22T08:00:30+01:00\" itemprop=\"datePublished\">21. Januar 2026 <\/time>\n\n                        \n\t\t\t\t\t\t<span class=\"comments\"><a href=\"https:\/\/www.haufe-akademie.de\/blog\/themen\/change-management-digital-transformation\/divergentes-denken\/#respond\"><i class=\"fa fa-comments-o\"><\/i>\n\t\t\t\t\t\t\t0<\/a><\/span>\n\n\t\t\t\t\t<\/div>\n\n                    <a href=\"https:\/\/www.haufe-akademie.de\/blog\/themen\/change-management-digital-transformation\/divergentes-denken\/\" itemprop=\"name headline\" class=\"highlights__title\">\n                        Divergentes Denken trainieren: praktische \u00dcbungen f\u00fcr mehr Kreativit\u00e4t                    <\/a>\n\n\t\t\t\t\t\n\t\t\t\t\t<!-- <div class=\"excerpt\">\n\t\t\t\t\t\t<p>Unser heutiger Arbeitsalltag ist gepr\u00e4gt von st\u00e4ndiger Ver\u00e4nderung. Um in diesem Umfeld voranzukommen, brauchst du eine Schl\u00fcsselkompetenz: divergentes Denken \u2013&hellip;<\/p>\n\t\t\t\t\t<\/div> -->\n\n\t\t\t\t\t\t\t\t\t\t\n\t\t\t\t\t<svg class=\"link-arrow\" width=\"16\" height=\"15\" viewBox=\"0 0 13 12\" fill=\"none\" xmlns=\"http:\/\/www.w3.org\/2000\/svg\">\n\t\t\t\t\t\t<path fill-rule=\"evenodd\" clip-rule=\"evenodd\" d=\"M7.03033 0.469727L12.5607 6.00006L7.03033 11.5304L5.96967 10.4697L9.68934 6.75006H0V5.25006H9.68934L5.96967 1.53039L7.03033 0.469727Z\" fill=\"#6F01F5\"\/>\n\t\t\t\t\t<\/svg>\n\t\t\t\t<\/div>\n\n\t\t\t<\/article>\n\n\t\t\n\n\t\t\n\t\t\t\n\n\n\t\n\t<\/section>\n\t<\/div><\/div>\n\n\t<div class=\"row cf highlights-box\"><div class=\"column half\">\n\n\t<section class=\"highlights\">\n\t\t\n\t\t\n\n\t\t\n\t\t\n\t\t\t<article itemscope itemtype=\"http:\/\/schema.org\/Article\">\n\n\t\t\t\t<div class=\"image-link\">\n\t\t\t\t\t<img loading=\"lazy\" decoding=\"async\" width=\"600\" height=\"320\" src=\"https:\/\/www.haufe-akademie.de\/blog\/wp-content\/uploads\/2026\/04\/KI-muss-gefuhert-werden-nicht-umgekehrt.png\" class=\"image wp-post-image\" alt=\"\" srcset=\"https:\/\/www.haufe-akademie.de\/blog\/wp-content\/uploads\/2026\/04\/KI-muss-gefuhert-werden-nicht-umgekehrt-300x160@2x.png 600w, https:\/\/www.haufe-akademie.de\/blog\/wp-content\/uploads\/2026\/04\/KI-muss-gefuhert-werden-nicht-umgekehrt-150x80@2x.png 300w, https:\/\/www.haufe-akademie.de\/blog\/wp-content\/uploads\/2026\/04\/KI-muss-gefuhert-werden-nicht-umgekehrt-150x80.png 150w\" sizes=\"auto, (max-width: 600px) 100vw, 600px\" \/>\n\t\t\t\t\t\t\t\t\t<\/div>\n\t\t\t\t\t\t\t\t\t<span class=\"cat-title larger cat-56\">\n\t\t\t\t\t\t<a href=\"https:\/\/www.haufe-akademie.de\/blog\/themen\/fuehrung-und-leadership\/\">F\u00fchrung und Leadership<\/a><\/span>\n\t\t\t\t\t\t\t\t<div class=\"highlights__content\">\n\t\t\t\t\t<div class=\"meta\">\n                        <time datetime=\"2026-04-15T10:00:04+02:00\" itemprop=\"datePublished\">14. April 2026 <\/time>\n\n                        \n\t\t\t\t\t\t<span class=\"comments\"><a href=\"https:\/\/www.haufe-akademie.de\/blog\/themen\/fuehrung-und-leadership\/ki-fuehrung\/#respond\"><i class=\"fa fa-comments-o\"><\/i>\n\t\t\t\t\t\t\t0<\/a><\/span>\n\n\t\t\t\t\t<\/div>\n\n                    <a href=\"https:\/\/www.haufe-akademie.de\/blog\/themen\/fuehrung-und-leadership\/ki-fuehrung\/\" itemprop=\"name headline\" class=\"highlights__title\">\n                        \u201eKI muss gef\u00fchrt werden \u2013 nicht umgekehrt\u201c                    <\/a>\n\n\t\t\t\t\t\n\t\t\t\t\t<!-- <div class=\"excerpt\">\n\t\t\t\t\t\t<p>Yvonne Breinlinger-Scheuring begleitet Unternehmen und F\u00fchrungskr\u00e4fte auf dem Weg in eine KI-gest\u00fctzte Arbeitswelt. Im Gespr\u00e4ch spricht sie dar\u00fcber, warum KI&hellip;<\/p>\n\t\t\t\t\t<\/div> -->\n\n\t\t\t\t\t\t\t\t\t\t\n\t\t\t\t\t<svg class=\"link-arrow\" width=\"16\" height=\"15\" viewBox=\"0 0 13 12\" fill=\"none\" xmlns=\"http:\/\/www.w3.org\/2000\/svg\">\n\t\t\t\t\t\t<path fill-rule=\"evenodd\" clip-rule=\"evenodd\" d=\"M7.03033 0.469727L12.5607 6.00006L7.03033 11.5304L5.96967 10.4697L9.68934 6.75006H0V5.25006H9.68934L5.96967 1.53039L7.03033 0.469727Z\" fill=\"#6F01F5\"\/>\n\t\t\t\t\t<\/svg>\n\t\t\t\t<\/div>\n\n\t\t\t<\/article>\n\n\t\t\n\n\t\t\n\t\t\t\n\n\n\t\n\t<\/section>\n\t<\/div><div class=\"column half\">\n\n\t<section class=\"highlights\">\n\t\t\n\t\t\n\n\t\t\n\t\t\n\t\t\t<article itemscope itemtype=\"http:\/\/schema.org\/Article\">\n\n\t\t\t\t<div class=\"image-link\">\n\t\t\t\t\t<img loading=\"lazy\" decoding=\"async\" width=\"702\" height=\"336\" src=\"https:\/\/www.haufe-akademie.de\/blog\/wp-content\/uploads\/2026\/04\/Warum-Soft-skills-heute-ein-entscheidender-wettbewerbsvorteil-702x336.jpg\" class=\"image wp-post-image\" alt=\"\" srcset=\"https:\/\/www.haufe-akademie.de\/blog\/wp-content\/uploads\/2026\/04\/Warum-Soft-skills-heute-ein-entscheidender-wettbewerbsvorteil-702x336.jpg 702w, https:\/\/www.haufe-akademie.de\/blog\/wp-content\/uploads\/2026\/04\/Warum-Soft-skills-heute-ein-entscheidender-wettbewerbsvorteil-150x72@2x.jpg 300w, https:\/\/www.haufe-akademie.de\/blog\/wp-content\/uploads\/2026\/04\/Warum-Soft-skills-heute-ein-entscheidender-wettbewerbsvorteil-150x72.jpg 150w, https:\/\/www.haufe-akademie.de\/blog\/wp-content\/uploads\/2026\/04\/Warum-Soft-skills-heute-ein-entscheidender-wettbewerbsvorteil-300x144@2x.jpg 600w\" sizes=\"auto, (max-width: 702px) 100vw, 702px\" \/>\n\t\t\t\t\t\t\t\t\t<\/div>\n\t\t\t\t\t\t\t\t\t<span class=\"cat-title larger cat-79\">\n\t\t\t\t\t\t<a href=\"https:\/\/www.haufe-akademie.de\/blog\/themen\/persoenliche-kompetenz\/\">Pers\u00f6nliche und Soziale Kompetenzen<\/a><\/span>\n\t\t\t\t\t\t\t\t<div class=\"highlights__content\">\n\t\t\t\t\t<div class=\"meta\">\n                        <time datetime=\"2026-04-24T10:00:01+02:00\" itemprop=\"datePublished\">24. April 2026 <\/time>\n\n                        \n\t\t\t\t\t\t<span class=\"comments\"><a href=\"https:\/\/www.haufe-akademie.de\/blog\/themen\/persoenliche-kompetenz\/studienergebnisse-soft-skills\/#respond\"><i class=\"fa fa-comments-o\"><\/i>\n\t\t\t\t\t\t\t0<\/a><\/span>\n\n\t\t\t\t\t<\/div>\n\n                    <a href=\"https:\/\/www.haufe-akademie.de\/blog\/themen\/persoenliche-kompetenz\/studienergebnisse-soft-skills\/\" itemprop=\"name headline\" class=\"highlights__title\">\n                        Warum Soft Skills heute ein entscheidender Wettbewerbsvorteil sind                    <\/a>\n\n\t\t\t\t\t\n\t\t\t\t\t<!-- <div class=\"excerpt\">\n\t\t\t\t\t\t<p>Das Meeting beginnt p\u00fcnktlich. Die Roadmap steht. Die KI hat erste Analysen l\u00e4ngst geliefert. Und trotzdem kommt das Projekt nicht&hellip;<\/p>\n\t\t\t\t\t<\/div> -->\n\n\t\t\t\t\t\t\t\t\t\t\n\t\t\t\t\t<svg class=\"link-arrow\" width=\"16\" height=\"15\" viewBox=\"0 0 13 12\" fill=\"none\" xmlns=\"http:\/\/www.w3.org\/2000\/svg\">\n\t\t\t\t\t\t<path fill-rule=\"evenodd\" clip-rule=\"evenodd\" d=\"M7.03033 0.469727L12.5607 6.00006L7.03033 11.5304L5.96967 10.4697L9.68934 6.75006H0V5.25006H9.68934L5.96967 1.53039L7.03033 0.469727Z\" fill=\"#6F01F5\"\/>\n\t\t\t\t\t<\/svg>\n\t\t\t\t<\/div>\n\n\t\t\t<\/article>\n\n\t\t\n\n\t\t\n\t\t\t\n\n\n\t\n\t<\/section>\n\t<\/div><\/div>\n\n\t<div class=\"row cf highlights-box\"><div class=\"column half\">\n\n\t<section class=\"highlights\">\n\t\t\n\t\t\n\n\t\t\n\t\t\n\t\t\t<article itemscope itemtype=\"http:\/\/schema.org\/Article\">\n\n\t\t\t\t<div class=\"image-link\">\n\t\t\t\t\t<img loading=\"lazy\" decoding=\"async\" width=\"702\" height=\"336\" src=\"https:\/\/www.haufe-akademie.de\/blog\/wp-content\/uploads\/2025\/12\/Data-mining-definition-methoden-und-zukunftstrends-702x336.png\" class=\"image wp-post-image\" alt=\"\" srcset=\"https:\/\/www.haufe-akademie.de\/blog\/wp-content\/uploads\/2025\/12\/Data-mining-definition-methoden-und-zukunftstrends-702x336.png 702w, https:\/\/www.haufe-akademie.de\/blog\/wp-content\/uploads\/2025\/12\/Data-mining-definition-methoden-und-zukunftstrends-150x72@2x.png 300w, https:\/\/www.haufe-akademie.de\/blog\/wp-content\/uploads\/2025\/12\/Data-mining-definition-methoden-und-zukunftstrends-150x72.png 150w, https:\/\/www.haufe-akademie.de\/blog\/wp-content\/uploads\/2025\/12\/Data-mining-definition-methoden-und-zukunftstrends.png 800w, https:\/\/www.haufe-akademie.de\/blog\/wp-content\/uploads\/2025\/12\/Data-mining-definition-methoden-und-zukunftstrends-300x144@2x.png 600w\" sizes=\"auto, (max-width: 702px) 100vw, 702px\" \/>\n\t\t\t\t\t\t\t\t\t<\/div>\n\t\t\t\t\t\t\t\t\t<span class=\"cat-title larger cat-1488\">\n\t\t\t\t\t\t<a href=\"https:\/\/www.haufe-akademie.de\/blog\/themen\/data-analytics-ki\/\">K\u00fcnstliche Intelligenz &amp; Data Analytics<\/a><\/span>\n\t\t\t\t\t\t\t\t<div class=\"highlights__content\">\n\t\t\t\t\t<div class=\"meta\">\n                        <time datetime=\"2026-02-10T09:00:57+01:00\" itemprop=\"datePublished\">27. Januar 2026 <\/time>\n\n                        \n\t\t\t\t\t\t<span class=\"comments\"><a href=\"https:\/\/www.haufe-akademie.de\/blog\/themen\/data-analytics-ki\/data-mining\/#respond\"><i class=\"fa fa-comments-o\"><\/i>\n\t\t\t\t\t\t\t0<\/a><\/span>\n\n\t\t\t\t\t<\/div>\n\n                    <a href=\"https:\/\/www.haufe-akademie.de\/blog\/themen\/data-analytics-ki\/data-mining\/\" itemprop=\"name headline\" class=\"highlights__title\">\n                        Data Mining: Definition, Methoden und Zukunftstrends                    <\/a>\n\n\t\t\t\t\t\n\t\t\t\t\t<!-- <div class=\"excerpt\">\n\t\t\t\t\t\t<p>Daten sind heute eine zentrale Entscheidungsgrundlage in Unternehmen. Doch erst durch Data Mining lassen sich darin verborgene Muster und Zusammenh\u00e4nge&hellip;<\/p>\n\t\t\t\t\t<\/div> -->\n\n\t\t\t\t\t\t\t\t\t\t\n\t\t\t\t\t<svg class=\"link-arrow\" width=\"16\" height=\"15\" viewBox=\"0 0 13 12\" fill=\"none\" xmlns=\"http:\/\/www.w3.org\/2000\/svg\">\n\t\t\t\t\t\t<path fill-rule=\"evenodd\" clip-rule=\"evenodd\" d=\"M7.03033 0.469727L12.5607 6.00006L7.03033 11.5304L5.96967 10.4697L9.68934 6.75006H0V5.25006H9.68934L5.96967 1.53039L7.03033 0.469727Z\" fill=\"#6F01F5\"\/>\n\t\t\t\t\t<\/svg>\n\t\t\t\t<\/div>\n\n\t\t\t<\/article>\n\n\t\t\n\n\t\t\n\t\t\t\n\n\n\t\n\t<\/section>\n\t<\/div><div class=\"column half\">\n\n\t<section class=\"highlights\">\n\t\t\n\t\t\n\n\t\t\n\t\t\n\t\t\t<article itemscope itemtype=\"http:\/\/schema.org\/Article\">\n\n\t\t\t\t<div class=\"image-link\">\n\t\t\t\t\t<img loading=\"lazy\" decoding=\"async\" width=\"702\" height=\"336\" src=\"https:\/\/www.haufe-akademie.de\/blog\/wp-content\/uploads\/2026\/04\/Mit-projektphasen-effizient-ans-ziel-702x336.jpg\" class=\"image wp-post-image\" alt=\"\" srcset=\"https:\/\/www.haufe-akademie.de\/blog\/wp-content\/uploads\/2026\/04\/Mit-projektphasen-effizient-ans-ziel-702x336.jpg 702w, https:\/\/www.haufe-akademie.de\/blog\/wp-content\/uploads\/2026\/04\/Mit-projektphasen-effizient-ans-ziel-150x72@2x.jpg 300w, https:\/\/www.haufe-akademie.de\/blog\/wp-content\/uploads\/2026\/04\/Mit-projektphasen-effizient-ans-ziel-150x72.jpg 150w, https:\/\/www.haufe-akademie.de\/blog\/wp-content\/uploads\/2026\/04\/Mit-projektphasen-effizient-ans-ziel.jpg 800w, https:\/\/www.haufe-akademie.de\/blog\/wp-content\/uploads\/2026\/04\/Mit-projektphasen-effizient-ans-ziel-300x144@2x.jpg 600w\" sizes=\"auto, (max-width: 702px) 100vw, 702px\" \/>\n\t\t\t\t\t\t\t\t\t<\/div>\n\t\t\t\t\t\t\t\t\t<span class=\"cat-title larger cat-1379\">\n\t\t\t\t\t\t<a href=\"https:\/\/www.haufe-akademie.de\/blog\/themen\/projekt-prozessmanagement\/\">Projekt- und Prozessmanagement<\/a><\/span>\n\t\t\t\t\t\t\t\t<div class=\"highlights__content\">\n\t\t\t\t\t<div class=\"meta\">\n                        <time datetime=\"2026-04-22T09:09:48+02:00\" itemprop=\"datePublished\">22. April 2026 <\/time>\n\n                        \n\t\t\t\t\t\t<span class=\"comments\"><a href=\"https:\/\/www.haufe-akademie.de\/blog\/themen\/projekt-prozessmanagement\/projektphasen\/#respond\"><i class=\"fa fa-comments-o\"><\/i>\n\t\t\t\t\t\t\t0<\/a><\/span>\n\n\t\t\t\t\t<\/div>\n\n                    <a href=\"https:\/\/www.haufe-akademie.de\/blog\/themen\/projekt-prozessmanagement\/projektphasen\/\" itemprop=\"name headline\" class=\"highlights__title\">\n                        Mit Projektphasen effizient ans Ziel                    <\/a>\n\n\t\t\t\t\t\n\t\t\t\t\t<!-- <div class=\"excerpt\">\n\t\t\t\t\t\t<p>Ein bisschen Mehl, Zucker, Milch, Butter und Eier \u2013 Kuchen backen klingt einfach. Doch ohne Zutatenliste und Rezept endet es&hellip;<\/p>\n\t\t\t\t\t<\/div> -->\n\n\t\t\t\t\t\t\t\t\t\t\n\t\t\t\t\t<svg class=\"link-arrow\" width=\"16\" height=\"15\" viewBox=\"0 0 13 12\" fill=\"none\" xmlns=\"http:\/\/www.w3.org\/2000\/svg\">\n\t\t\t\t\t\t<path fill-rule=\"evenodd\" clip-rule=\"evenodd\" d=\"M7.03033 0.469727L12.5607 6.00006L7.03033 11.5304L5.96967 10.4697L9.68934 6.75006H0V5.25006H9.68934L5.96967 1.53039L7.03033 0.469727Z\" fill=\"#6F01F5\"\/>\n\t\t\t\t\t<\/svg>\n\t\t\t\t<\/div>\n\n\t\t\t<\/article>\n\n\t\t\n\n\t\t\n\t\t\t\n\n\n\t\n\t<\/section>\n\t<\/div><\/div>\n\n\t<div class=\"row cf highlights-box\"><div class=\"column half\">\n\n\t<section class=\"highlights\">\n\t\t\n\t\t\n\n\t\t\n\t\t\n\t\t\t<article itemscope itemtype=\"http:\/\/schema.org\/Article\">\n\n\t\t\t\t<div class=\"image-link\">\n\t\t\t\t\t<img loading=\"lazy\" decoding=\"async\" width=\"702\" height=\"336\" src=\"https:\/\/www.haufe-akademie.de\/blog\/wp-content\/uploads\/2026\/04\/professionell-kuendigen-702x336.jpg\" class=\"image wp-post-image\" alt=\"\" srcset=\"https:\/\/www.haufe-akademie.de\/blog\/wp-content\/uploads\/2026\/04\/professionell-kuendigen-702x336.jpg 702w, https:\/\/www.haufe-akademie.de\/blog\/wp-content\/uploads\/2026\/04\/professionell-kuendigen-150x72@2x.jpg 300w, https:\/\/www.haufe-akademie.de\/blog\/wp-content\/uploads\/2026\/04\/professionell-kuendigen-150x72.jpg 150w, https:\/\/www.haufe-akademie.de\/blog\/wp-content\/uploads\/2026\/04\/professionell-kuendigen.jpg 800w, https:\/\/www.haufe-akademie.de\/blog\/wp-content\/uploads\/2026\/04\/professionell-kuendigen-300x144@2x.jpg 600w\" sizes=\"auto, (max-width: 702px) 100vw, 702px\" \/>\n\t\t\t\t\t\t\t\t\t<\/div>\n\t\t\t\t\t\t\t\t\t<span class=\"cat-title larger cat-59\">\n\t\t\t\t\t\t<a href=\"https:\/\/www.haufe-akademie.de\/blog\/themen\/personalmanagement\/\">Personalmanagement<\/a><\/span>\n\t\t\t\t\t\t\t\t<div class=\"highlights__content\">\n\t\t\t\t\t<div class=\"meta\">\n                        <time datetime=\"2026-04-24T13:12:32+02:00\" itemprop=\"datePublished\">24. April 2026 <\/time>\n\n                        \n\t\t\t\t\t\t<span class=\"comments\"><a href=\"https:\/\/www.haufe-akademie.de\/blog\/themen\/personalmanagement\/professionell-kuendigen\/#respond\"><i class=\"fa fa-comments-o\"><\/i>\n\t\t\t\t\t\t\t0<\/a><\/span>\n\n\t\t\t\t\t<\/div>\n\n                    <a href=\"https:\/\/www.haufe-akademie.de\/blog\/themen\/personalmanagement\/professionell-kuendigen\/\" itemprop=\"name headline\" class=\"highlights__title\">\n                        Professionell k\u00fcndigen \u2013 Ein Leitfaden                    <\/a>\n\n\t\t\t\t\t\n\t\t\t\t\t<!-- <div class=\"excerpt\">\n\t\t\t\t\t\t<p>K\u00fcndigungen sind rechtlich komplex, emotional herausfordernd und mit hohen Risiken verbunden. Als Personalmanager:in tr\u00e4gst du die Verantwortung daf\u00fcr, dass der&hellip;<\/p>\n\t\t\t\t\t<\/div> -->\n\n\t\t\t\t\t\t\t\t\t\t\n\t\t\t\t\t<svg class=\"link-arrow\" width=\"16\" height=\"15\" viewBox=\"0 0 13 12\" fill=\"none\" xmlns=\"http:\/\/www.w3.org\/2000\/svg\">\n\t\t\t\t\t\t<path fill-rule=\"evenodd\" clip-rule=\"evenodd\" d=\"M7.03033 0.469727L12.5607 6.00006L7.03033 11.5304L5.96967 10.4697L9.68934 6.75006H0V5.25006H9.68934L5.96967 1.53039L7.03033 0.469727Z\" fill=\"#6F01F5\"\/>\n\t\t\t\t\t<\/svg>\n\t\t\t\t<\/div>\n\n\t\t\t<\/article>\n\n\t\t\n\n\t\t\n\t\t\t\n\n\n\t\n\t<\/section>\n\t<\/div><div class=\"column half\">\n\n\t<section class=\"highlights\">\n\t\t\n\t\t\n\n\t\t\n\t\t\n\t\t\t<article itemscope itemtype=\"http:\/\/schema.org\/Article\">\n\n\t\t\t\t<div class=\"image-link\">\n\t\t\t\t\t<img loading=\"lazy\" decoding=\"async\" width=\"702\" height=\"336\" src=\"https:\/\/www.haufe-akademie.de\/blog\/wp-content\/uploads\/2026\/03\/Minijob-2025-2026-702x336.jpg\" class=\"image wp-post-image\" alt=\"\" srcset=\"https:\/\/www.haufe-akademie.de\/blog\/wp-content\/uploads\/2026\/03\/Minijob-2025-2026-702x336.jpg 702w, https:\/\/www.haufe-akademie.de\/blog\/wp-content\/uploads\/2026\/03\/Minijob-2025-2026-150x72@2x.jpg 300w, https:\/\/www.haufe-akademie.de\/blog\/wp-content\/uploads\/2026\/03\/Minijob-2025-2026-150x72.jpg 150w, https:\/\/www.haufe-akademie.de\/blog\/wp-content\/uploads\/2026\/03\/Minijob-2025-2026.jpg 800w, https:\/\/www.haufe-akademie.de\/blog\/wp-content\/uploads\/2026\/03\/Minijob-2025-2026-300x144@2x.jpg 600w\" sizes=\"auto, (max-width: 702px) 100vw, 702px\" \/>\n\t\t\t\t\t\t\t\t\t<\/div>\n\t\t\t\t\t\t\t\t\t<span class=\"cat-title larger cat-1057\">\n\t\t\t\t\t\t<a href=\"https:\/\/www.haufe-akademie.de\/blog\/themen\/entgeltabrechnung\/\">Entgeltabrechnung<\/a><\/span>\n\t\t\t\t\t\t\t\t<div class=\"highlights__content\">\n\t\t\t\t\t<div class=\"meta\">\n                        <time datetime=\"2026-03-26T10:00:54+01:00\" itemprop=\"datePublished\">26. M\u00e4rz 2026 <\/time>\n\n                        \n\t\t\t\t\t\t<span class=\"comments\"><a href=\"https:\/\/www.haufe-akademie.de\/blog\/themen\/entgeltabrechnung\/minijob\/#respond\"><i class=\"fa fa-comments-o\"><\/i>\n\t\t\t\t\t\t\t0<\/a><\/span>\n\n\t\t\t\t\t<\/div>\n\n                    <a href=\"https:\/\/www.haufe-akademie.de\/blog\/themen\/entgeltabrechnung\/minijob\/\" itemprop=\"name headline\" class=\"highlights__title\">\n                        Minijob 2025\/2026                    <\/a>\n\n\t\t\t\t\t\n\t\t\t\t\t<!-- <div class=\"excerpt\">\n\t\t\t\t\t\t<p>Minijobs erm\u00f6glichen Flexibilit\u00e4t \u2013 ob als Nebenverdienst neben Studium oder Rente oder als unkomplizierte Besch\u00e4ftigungsform f\u00fcr Unternehmen. 2025 und 2026&hellip;<\/p>\n\t\t\t\t\t<\/div> -->\n\n\t\t\t\t\t\t\t\t\t\t\n\t\t\t\t\t<svg class=\"link-arrow\" width=\"16\" height=\"15\" viewBox=\"0 0 13 12\" fill=\"none\" xmlns=\"http:\/\/www.w3.org\/2000\/svg\">\n\t\t\t\t\t\t<path fill-rule=\"evenodd\" clip-rule=\"evenodd\" d=\"M7.03033 0.469727L12.5607 6.00006L7.03033 11.5304L5.96967 10.4697L9.68934 6.75006H0V5.25006H9.68934L5.96967 1.53039L7.03033 0.469727Z\" fill=\"#6F01F5\"\/>\n\t\t\t\t\t<\/svg>\n\t\t\t\t<\/div>\n\n\t\t\t<\/article>\n\n\t\t\n\n\t\t\n\t\t\t\n\n\n\t\n\t<\/section>\n\t<\/div><\/div>\n\n\t<div class=\"row cf highlights-box\"><div class=\"column half\">\n\n\t<section class=\"highlights\">\n\t\t\n\t\t\n\n\t\t\n\t\t\n\t\t\t<article itemscope itemtype=\"http:\/\/schema.org\/Article\">\n\n\t\t\t\t<div class=\"image-link\">\n\t\t\t\t\t<img loading=\"lazy\" decoding=\"async\" width=\"702\" height=\"336\" src=\"https:\/\/www.haufe-akademie.de\/blog\/wp-content\/uploads\/2026\/04\/potenzialanalyse-fuehrungskraefte-702x336.webp\" class=\"image wp-post-image\" alt=\"Potenzialanalyse f\u00fcr F\u00fchrungskr\u00e4fte: Ein Personalentwickler im Feedbackgespr\u00e4ch mit einer potentiellen F\u00fchrungskraft\" srcset=\"https:\/\/www.haufe-akademie.de\/blog\/wp-content\/uploads\/2026\/04\/potenzialanalyse-fuehrungskraefte-702x336.webp 702w, https:\/\/www.haufe-akademie.de\/blog\/wp-content\/uploads\/2026\/04\/potenzialanalyse-fuehrungskraefte-150x72@2x.webp 300w, https:\/\/www.haufe-akademie.de\/blog\/wp-content\/uploads\/2026\/04\/potenzialanalyse-fuehrungskraefte-150x72.webp 150w, https:\/\/www.haufe-akademie.de\/blog\/wp-content\/uploads\/2026\/04\/potenzialanalyse-fuehrungskraefte.webp 800w, https:\/\/www.haufe-akademie.de\/blog\/wp-content\/uploads\/2026\/04\/potenzialanalyse-fuehrungskraefte-300x144@2x.webp 600w\" sizes=\"auto, (max-width: 702px) 100vw, 702px\" \/>\n\t\t\t\t\t\t\t\t\t<\/div>\n\t\t\t\t\t\t\t\t\t<span class=\"cat-title larger cat-89\">\n\t\t\t\t\t\t<a href=\"https:\/\/www.haufe-akademie.de\/blog\/themen\/personalentwicklung\/\">Personalentwicklung<\/a><\/span>\n\t\t\t\t\t\t\t\t<div class=\"highlights__content\">\n\t\t\t\t\t<div class=\"meta\">\n                        <time datetime=\"2026-04-24T09:00:38+02:00\" itemprop=\"datePublished\">24. April 2026 <\/time>\n\n                        \n\t\t\t\t\t\t<span class=\"comments\"><a href=\"https:\/\/www.haufe-akademie.de\/blog\/themen\/personalentwicklung\/potenzialanalyse-fuer-fuehrungskraefte\/#respond\"><i class=\"fa fa-comments-o\"><\/i>\n\t\t\t\t\t\t\t0<\/a><\/span>\n\n\t\t\t\t\t<\/div>\n\n                    <a href=\"https:\/\/www.haufe-akademie.de\/blog\/themen\/personalentwicklung\/potenzialanalyse-fuer-fuehrungskraefte\/\" itemprop=\"name headline\" class=\"highlights__title\">\n                        Potenzialanalyse f\u00fcr F\u00fchrungskr\u00e4fte                    <\/a>\n\n\t\t\t\t\t\n\t\t\t\t\t<!-- <div class=\"excerpt\">\n\t\t\t\t\t\t<p>Welche Ihrer Mitarbeitenden hat das Zeug zur F\u00fchrungskraft und welche Kompetenzen braucht er oder sie daf\u00fcr noch? Personalentwickler:innen stehen regelm\u00e4\u00dfig&hellip;<\/p>\n\t\t\t\t\t<\/div> -->\n\n\t\t\t\t\t\t\t\t\t\t\n\t\t\t\t\t<svg class=\"link-arrow\" width=\"16\" height=\"15\" viewBox=\"0 0 13 12\" fill=\"none\" xmlns=\"http:\/\/www.w3.org\/2000\/svg\">\n\t\t\t\t\t\t<path fill-rule=\"evenodd\" clip-rule=\"evenodd\" d=\"M7.03033 0.469727L12.5607 6.00006L7.03033 11.5304L5.96967 10.4697L9.68934 6.75006H0V5.25006H9.68934L5.96967 1.53039L7.03033 0.469727Z\" fill=\"#6F01F5\"\/>\n\t\t\t\t\t<\/svg>\n\t\t\t\t<\/div>\n\n\t\t\t<\/article>\n\n\t\t\n\n\t\t\n\t\t\t\n\n\n\t\n\t<\/section>\n\t<\/div><div class=\"column half\">\n\n\t<section class=\"highlights\">\n\t\t\n\t\t\n\n\t\t\n\t\t\n\t\t\t<article itemscope itemtype=\"http:\/\/schema.org\/Article\">\n\n\t\t\t\t<div class=\"image-link\">\n\t\t\t\t\t<img loading=\"lazy\" decoding=\"async\" width=\"702\" height=\"336\" src=\"https:\/\/www.haufe-akademie.de\/blog\/wp-content\/uploads\/2025\/12\/Data-mining-definition-methoden-und-zukunftstrends-702x336.png\" class=\"image wp-post-image\" alt=\"\" srcset=\"https:\/\/www.haufe-akademie.de\/blog\/wp-content\/uploads\/2025\/12\/Data-mining-definition-methoden-und-zukunftstrends-702x336.png 702w, https:\/\/www.haufe-akademie.de\/blog\/wp-content\/uploads\/2025\/12\/Data-mining-definition-methoden-und-zukunftstrends-150x72@2x.png 300w, https:\/\/www.haufe-akademie.de\/blog\/wp-content\/uploads\/2025\/12\/Data-mining-definition-methoden-und-zukunftstrends-150x72.png 150w, https:\/\/www.haufe-akademie.de\/blog\/wp-content\/uploads\/2025\/12\/Data-mining-definition-methoden-und-zukunftstrends.png 800w, https:\/\/www.haufe-akademie.de\/blog\/wp-content\/uploads\/2025\/12\/Data-mining-definition-methoden-und-zukunftstrends-300x144@2x.png 600w\" sizes=\"auto, (max-width: 702px) 100vw, 702px\" \/>\n\t\t\t\t\t\t\t\t\t<\/div>\n\t\t\t\t\t\t\t\t\t<span class=\"cat-title larger cat-1488\">\n\t\t\t\t\t\t<a href=\"https:\/\/www.haufe-akademie.de\/blog\/themen\/data-analytics-ki\/\">K\u00fcnstliche Intelligenz &amp; Data Analytics<\/a><\/span>\n\t\t\t\t\t\t\t\t<div class=\"highlights__content\">\n\t\t\t\t\t<div class=\"meta\">\n                        <time datetime=\"2026-02-10T09:00:57+01:00\" itemprop=\"datePublished\">27. Januar 2026 <\/time>\n\n                        \n\t\t\t\t\t\t<span class=\"comments\"><a href=\"https:\/\/www.haufe-akademie.de\/blog\/themen\/data-analytics-ki\/data-mining\/#respond\"><i class=\"fa fa-comments-o\"><\/i>\n\t\t\t\t\t\t\t0<\/a><\/span>\n\n\t\t\t\t\t<\/div>\n\n                    <a href=\"https:\/\/www.haufe-akademie.de\/blog\/themen\/data-analytics-ki\/data-mining\/\" itemprop=\"name headline\" class=\"highlights__title\">\n                        Data Mining: Definition, Methoden und Zukunftstrends                    <\/a>\n\n\t\t\t\t\t\n\t\t\t\t\t<!-- <div class=\"excerpt\">\n\t\t\t\t\t\t<p>Daten sind heute eine zentrale Entscheidungsgrundlage in Unternehmen. Doch erst durch Data Mining lassen sich darin verborgene Muster und Zusammenh\u00e4nge&hellip;<\/p>\n\t\t\t\t\t<\/div> -->\n\n\t\t\t\t\t\t\t\t\t\t\n\t\t\t\t\t<svg class=\"link-arrow\" width=\"16\" height=\"15\" viewBox=\"0 0 13 12\" fill=\"none\" xmlns=\"http:\/\/www.w3.org\/2000\/svg\">\n\t\t\t\t\t\t<path fill-rule=\"evenodd\" clip-rule=\"evenodd\" d=\"M7.03033 0.469727L12.5607 6.00006L7.03033 11.5304L5.96967 10.4697L9.68934 6.75006H0V5.25006H9.68934L5.96967 1.53039L7.03033 0.469727Z\" fill=\"#6F01F5\"\/>\n\t\t\t\t\t<\/svg>\n\t\t\t\t<\/div>\n\n\t\t\t<\/article>\n\n\t\t\n\n\t\t\n\t\t\t\n\n\n\t\n\t<\/section>\n\t<\/div><\/div>\n\n\t<div class=\"row cf highlights-box\"><div class=\"column half\">\n\n\t<section class=\"highlights\">\n\t\t\n\t\t\n\n\t\t\n\t\t\n\t\t\t<article itemscope itemtype=\"http:\/\/schema.org\/Article\">\n\n\t\t\t\t<div class=\"image-link\">\n\t\t\t\t\t<img loading=\"lazy\" decoding=\"async\" width=\"702\" height=\"336\" src=\"https:\/\/www.haufe-akademie.de\/blog\/wp-content\/uploads\/2025\/12\/Taxonomie-was-ist-die-eu-taxonomie-und-warum-ist-sie-fuer-unternehmen-wichtig-702x336.png\" class=\"image wp-post-image\" alt=\"\" srcset=\"https:\/\/www.haufe-akademie.de\/blog\/wp-content\/uploads\/2025\/12\/Taxonomie-was-ist-die-eu-taxonomie-und-warum-ist-sie-fuer-unternehmen-wichtig-702x336.png 702w, https:\/\/www.haufe-akademie.de\/blog\/wp-content\/uploads\/2025\/12\/Taxonomie-was-ist-die-eu-taxonomie-und-warum-ist-sie-fuer-unternehmen-wichtig-150x72@2x.png 300w, https:\/\/www.haufe-akademie.de\/blog\/wp-content\/uploads\/2025\/12\/Taxonomie-was-ist-die-eu-taxonomie-und-warum-ist-sie-fuer-unternehmen-wichtig-150x72.png 150w, https:\/\/www.haufe-akademie.de\/blog\/wp-content\/uploads\/2025\/12\/Taxonomie-was-ist-die-eu-taxonomie-und-warum-ist-sie-fuer-unternehmen-wichtig.png 800w, https:\/\/www.haufe-akademie.de\/blog\/wp-content\/uploads\/2025\/12\/Taxonomie-was-ist-die-eu-taxonomie-und-warum-ist-sie-fuer-unternehmen-wichtig-300x144@2x.png 600w\" sizes=\"auto, (max-width: 702px) 100vw, 702px\" \/>\n\t\t\t\t\t\t\t\t\t<\/div>\n\t\t\t\t\t\t\t\t\t<span class=\"cat-title larger cat-1815\">\n\t\t\t\t\t\t<a href=\"https:\/\/www.haufe-akademie.de\/blog\/themen\/nachhaltigkeitsmanagement\/\">Nachhaltigkeits\u00admanagement<\/a><\/span>\n\t\t\t\t\t\t\t\t<div class=\"highlights__content\">\n\t\t\t\t\t<div class=\"meta\">\n                        <time datetime=\"2025-12-19T11:26:56+01:00\" itemprop=\"datePublished\">19. Dezember 2025 <\/time>\n\n                        \n\t\t\t\t\t\t<span class=\"comments\"><a href=\"https:\/\/www.haufe-akademie.de\/blog\/themen\/nachhaltigkeitsmanagement\/eu-taxonomie\/#respond\"><i class=\"fa fa-comments-o\"><\/i>\n\t\t\t\t\t\t\t0<\/a><\/span>\n\n\t\t\t\t\t<\/div>\n\n                    <a href=\"https:\/\/www.haufe-akademie.de\/blog\/themen\/nachhaltigkeitsmanagement\/eu-taxonomie\/\" itemprop=\"name headline\" class=\"highlights__title\">\n                        Taxonomie: Was ist die EU-Taxonomie und warum ist sie f\u00fcr Unternehmen wichtig?                    <\/a>\n\n\t\t\t\t\t\n\t\t\t\t\t<!-- <div class=\"excerpt\">\n\t\t\t\t\t\t<p>Der Begriff Taxonomie taucht im Zusammenhang mit Nachhaltigkeit und Regulierung immer h\u00e4ufiger auf, vor allem, wenn es um die EU-Taxonomie-Verordnung&hellip;<\/p>\n\t\t\t\t\t<\/div> -->\n\n\t\t\t\t\t\t\t\t\t\t\n\t\t\t\t\t<svg class=\"link-arrow\" width=\"16\" height=\"15\" viewBox=\"0 0 13 12\" fill=\"none\" xmlns=\"http:\/\/www.w3.org\/2000\/svg\">\n\t\t\t\t\t\t<path fill-rule=\"evenodd\" clip-rule=\"evenodd\" d=\"M7.03033 0.469727L12.5607 6.00006L7.03033 11.5304L5.96967 10.4697L9.68934 6.75006H0V5.25006H9.68934L5.96967 1.53039L7.03033 0.469727Z\" fill=\"#6F01F5\"\/>\n\t\t\t\t\t<\/svg>\n\t\t\t\t<\/div>\n\n\t\t\t<\/article>\n\n\t\t\n\n\t\t\n\t\t\t\n\n\n\t\n\t<\/section>\n\t<\/div><div class=\"column half\">\n\n\t<section class=\"highlights\">\n\t\t\n\t\t\n\n\t\t\n\t\t\n\t\t\t<article itemscope itemtype=\"http:\/\/schema.org\/Article\">\n\n\t\t\t\t<div class=\"image-link\">\n\t\t\t\t\t<img loading=\"lazy\" decoding=\"async\" width=\"702\" height=\"336\" src=\"https:\/\/www.haufe-akademie.de\/blog\/wp-content\/uploads\/2026\/04\/Fehlzeitenmanagement_800x384-702x336.jpg\" class=\"image wp-post-image\" alt=\"\" srcset=\"https:\/\/www.haufe-akademie.de\/blog\/wp-content\/uploads\/2026\/04\/Fehlzeitenmanagement_800x384-702x336.jpg 702w, https:\/\/www.haufe-akademie.de\/blog\/wp-content\/uploads\/2026\/04\/Fehlzeitenmanagement_800x384-150x72@2x.jpg 300w, https:\/\/www.haufe-akademie.de\/blog\/wp-content\/uploads\/2026\/04\/Fehlzeitenmanagement_800x384-150x72.jpg 150w, https:\/\/www.haufe-akademie.de\/blog\/wp-content\/uploads\/2026\/04\/Fehlzeitenmanagement_800x384.jpg 800w, https:\/\/www.haufe-akademie.de\/blog\/wp-content\/uploads\/2026\/04\/Fehlzeitenmanagement_800x384-300x144@2x.jpg 600w\" sizes=\"auto, (max-width: 702px) 100vw, 702px\" \/>\n\t\t\t\t\t\t\t\t\t<\/div>\n\t\t\t\t\t\t\t\t\t<span class=\"cat-title larger cat-365\">\n\t\t\t\t\t\t<a href=\"https:\/\/www.haufe-akademie.de\/blog\/themen\/gesundheit\/\">Gesundheitsmanagement<\/a><\/span>\n\t\t\t\t\t\t\t\t<div class=\"highlights__content\">\n\t\t\t\t\t<div class=\"meta\">\n                        <time datetime=\"2026-04-20T10:00:24+02:00\" itemprop=\"datePublished\">21. April 2026 <\/time>\n\n                        \n\t\t\t\t\t\t<span class=\"comments\"><a href=\"https:\/\/www.haufe-akademie.de\/blog\/themen\/gesundheit\/fehlzeitenmanagement\/#respond\"><i class=\"fa fa-comments-o\"><\/i>\n\t\t\t\t\t\t\t0<\/a><\/span>\n\n\t\t\t\t\t<\/div>\n\n                    <a href=\"https:\/\/www.haufe-akademie.de\/blog\/themen\/gesundheit\/fehlzeitenmanagement\/\" itemprop=\"name headline\" class=\"highlights__title\">\n                        Fehlzeitenmanagement: Was Unternehmen tun k\u00f6nnen                    <\/a>\n\n\t\t\t\t\t\n\t\t\t\t\t<!-- <div class=\"excerpt\">\n\t\t\t\t\t\t<p>Fehlzeiten sind l\u00e4ngst mehr als nur eine Kennzahl im HR-Reporting. Sie zeigen, wie es Menschen im Unternehmen wirklich geht \u2013&hellip;<\/p>\n\t\t\t\t\t<\/div> -->\n\n\t\t\t\t\t\t\t\t\t\t\n\t\t\t\t\t<svg class=\"link-arrow\" width=\"16\" height=\"15\" viewBox=\"0 0 13 12\" fill=\"none\" xmlns=\"http:\/\/www.w3.org\/2000\/svg\">\n\t\t\t\t\t\t<path fill-rule=\"evenodd\" clip-rule=\"evenodd\" d=\"M7.03033 0.469727L12.5607 6.00006L7.03033 11.5304L5.96967 10.4697L9.68934 6.75006H0V5.25006H9.68934L5.96967 1.53039L7.03033 0.469727Z\" fill=\"#6F01F5\"\/>\n\t\t\t\t\t<\/svg>\n\t\t\t\t<\/div>\n\n\t\t\t<\/article>\n\n\t\t\n\n\t\t\n\t\t\t\n\n\n\t\n\t<\/section>\n\t<\/div><\/div>\n\n\t<div class=\"row cf highlights-box\"><div class=\"column half\">\n\n\t<section class=\"highlights\">\n\t\t\n\t\t\n\n\t\t\n\t\t\n\t\t\t<article itemscope itemtype=\"http:\/\/schema.org\/Article\">\n\n\t\t\t\t<div class=\"image-link\">\n\t\t\t\t\t<img loading=\"lazy\" decoding=\"async\" width=\"702\" height=\"336\" src=\"https:\/\/www.haufe-akademie.de\/blog\/wp-content\/uploads\/2025\/09\/Leadgenerierung-und-leadmanagement-mehr-kundschaft-gewinnen-702x336.jpg\" class=\"image wp-post-image\" alt=\"\" srcset=\"https:\/\/www.haufe-akademie.de\/blog\/wp-content\/uploads\/2025\/09\/Leadgenerierung-und-leadmanagement-mehr-kundschaft-gewinnen-702x336.jpg 702w, https:\/\/www.haufe-akademie.de\/blog\/wp-content\/uploads\/2025\/09\/Leadgenerierung-und-leadmanagement-mehr-kundschaft-gewinnen-150x72@2x.jpg 300w, https:\/\/www.haufe-akademie.de\/blog\/wp-content\/uploads\/2025\/09\/Leadgenerierung-und-leadmanagement-mehr-kundschaft-gewinnen-150x72.jpg 150w, https:\/\/www.haufe-akademie.de\/blog\/wp-content\/uploads\/2025\/09\/Leadgenerierung-und-leadmanagement-mehr-kundschaft-gewinnen.jpg 800w, https:\/\/www.haufe-akademie.de\/blog\/wp-content\/uploads\/2025\/09\/Leadgenerierung-und-leadmanagement-mehr-kundschaft-gewinnen-300x144@2x.jpg 600w\" sizes=\"auto, (max-width: 702px) 100vw, 702px\" \/>\n\t\t\t\t\t\t\t\t\t<\/div>\n\t\t\t\t\t\t\t\t\t<span class=\"cat-title larger cat-86\">\n\t\t\t\t\t\t<a href=\"https:\/\/www.haufe-akademie.de\/blog\/themen\/vertrieb\/\">Vertrieb und Verkauf<\/a><\/span>\n\t\t\t\t\t\t\t\t<div class=\"highlights__content\">\n\t\t\t\t\t<div class=\"meta\">\n                        <time datetime=\"2025-10-06T13:37:03+02:00\" itemprop=\"datePublished\">6. Oktober 2025 <\/time>\n\n                        \n\t\t\t\t\t\t<span class=\"comments\"><a href=\"https:\/\/www.haufe-akademie.de\/blog\/themen\/vertrieb\/leadgenerierung\/#respond\"><i class=\"fa fa-comments-o\"><\/i>\n\t\t\t\t\t\t\t0<\/a><\/span>\n\n\t\t\t\t\t<\/div>\n\n                    <a href=\"https:\/\/www.haufe-akademie.de\/blog\/themen\/vertrieb\/leadgenerierung\/\" itemprop=\"name headline\" class=\"highlights__title\">\n                        Leadgenerierung &#038; Leadmanagement: Mehr Kundschaft gewinnen                    <\/a>\n\n\t\t\t\t\t\n\t\t\t\t\t<!-- <div class=\"excerpt\">\n\t\t\t\t\t\t<p>Die digitale Transformation hat das Kaufverhalten grundlegend ver\u00e4ndert und die datengetriebene Kundengewinnung r\u00fcckt zunehmend in den Fokus. Potenzielle Kunden und&hellip;<\/p>\n\t\t\t\t\t<\/div> -->\n\n\t\t\t\t\t\t\t\t\t\t\n\t\t\t\t\t<svg class=\"link-arrow\" width=\"16\" height=\"15\" viewBox=\"0 0 13 12\" fill=\"none\" xmlns=\"http:\/\/www.w3.org\/2000\/svg\">\n\t\t\t\t\t\t<path fill-rule=\"evenodd\" clip-rule=\"evenodd\" d=\"M7.03033 0.469727L12.5607 6.00006L7.03033 11.5304L5.96967 10.4697L9.68934 6.75006H0V5.25006H9.68934L5.96967 1.53039L7.03033 0.469727Z\" fill=\"#6F01F5\"\/>\n\t\t\t\t\t<\/svg>\n\t\t\t\t<\/div>\n\n\t\t\t<\/article>\n\n\t\t\n\n\t\t\n\t\t\t\n\n\n\t\n\t<\/section>\n\t<\/div><div class=\"column half\">\n\n\t<section class=\"highlights\">\n\t\t\n\t\t\n\n\t\t\n\t\t\n\t\t\t<article itemscope itemtype=\"http:\/\/schema.org\/Article\">\n\n\t\t\t\t<div class=\"image-link\">\n\t\t\t\t\t<img loading=\"lazy\" decoding=\"async\" width=\"702\" height=\"336\" src=\"https:\/\/www.haufe-akademie.de\/blog\/wp-content\/uploads\/2026\/02\/Die-customer-journey-ist-kein-fund-mehr-sondern-ein-labyrinth-702x336.jpg\" class=\"image wp-post-image\" alt=\"\" srcset=\"https:\/\/www.haufe-akademie.de\/blog\/wp-content\/uploads\/2026\/02\/Die-customer-journey-ist-kein-fund-mehr-sondern-ein-labyrinth-702x336.jpg 702w, https:\/\/www.haufe-akademie.de\/blog\/wp-content\/uploads\/2026\/02\/Die-customer-journey-ist-kein-fund-mehr-sondern-ein-labyrinth-150x72@2x.jpg 300w, https:\/\/www.haufe-akademie.de\/blog\/wp-content\/uploads\/2026\/02\/Die-customer-journey-ist-kein-fund-mehr-sondern-ein-labyrinth-150x72.jpg 150w, https:\/\/www.haufe-akademie.de\/blog\/wp-content\/uploads\/2026\/02\/Die-customer-journey-ist-kein-fund-mehr-sondern-ein-labyrinth.jpg 800w, https:\/\/www.haufe-akademie.de\/blog\/wp-content\/uploads\/2026\/02\/Die-customer-journey-ist-kein-fund-mehr-sondern-ein-labyrinth-300x144@2x.jpg 600w\" sizes=\"auto, (max-width: 702px) 100vw, 702px\" \/>\n\t\t\t\t\t\t\t\t\t<\/div>\n\t\t\t\t\t\t\t\t\t<span class=\"cat-title larger cat-76\">\n\t\t\t\t\t\t<a href=\"https:\/\/www.haufe-akademie.de\/blog\/themen\/marketing\/\">Marketing<\/a><\/span>\n\t\t\t\t\t\t\t\t<div class=\"highlights__content\">\n\t\t\t\t\t<div class=\"meta\">\n                        <time datetime=\"2026-02-27T10:35:03+01:00\" itemprop=\"datePublished\">28. Februar 2026 <\/time>\n\n                        \n\t\t\t\t\t\t<span class=\"comments\"><a href=\"https:\/\/www.haufe-akademie.de\/blog\/themen\/marketing\/neue-customer-journey\/#respond\"><i class=\"fa fa-comments-o\"><\/i>\n\t\t\t\t\t\t\t0<\/a><\/span>\n\n\t\t\t\t\t<\/div>\n\n                    <a href=\"https:\/\/www.haufe-akademie.de\/blog\/themen\/marketing\/neue-customer-journey\/\" itemprop=\"name headline\" class=\"highlights__title\">\n                        Die Customer Journey ist kein Funnel mehr, sondern ein Labyrinth                    <\/a>\n\n\t\t\t\t\t\n\t\t\t\t\t<!-- <div class=\"excerpt\">\n\t\t\t\t\t\t<p>Fr\u00fcher war Marketing wie ein Trichter: ordentlich, vorhersagbar, mit klarem Weg von A nach B. Du wusstest, wo du deine&hellip;<\/p>\n\t\t\t\t\t<\/div> -->\n\n\t\t\t\t\t\t\t\t\t\t\n\t\t\t\t\t<svg class=\"link-arrow\" width=\"16\" height=\"15\" viewBox=\"0 0 13 12\" fill=\"none\" xmlns=\"http:\/\/www.w3.org\/2000\/svg\">\n\t\t\t\t\t\t<path fill-rule=\"evenodd\" clip-rule=\"evenodd\" d=\"M7.03033 0.469727L12.5607 6.00006L7.03033 11.5304L5.96967 10.4697L9.68934 6.75006H0V5.25006H9.68934L5.96967 1.53039L7.03033 0.469727Z\" fill=\"#6F01F5\"\/>\n\t\t\t\t\t<\/svg>\n\t\t\t\t<\/div>\n\n\t\t\t<\/article>\n\n\t\t\n\n\t\t\n\t\t\t\n\n\n\t\n\t<\/section>\n\t<\/div><\/div>\n\n\t<div class=\"row cf highlights-box\"><div class=\"column half\">\n\n\t<section class=\"highlights\">\n\t\t\n\t\t\n\n\t\t\n\t\t\n\t\t\t<article itemscope itemtype=\"http:\/\/schema.org\/Article\">\n\n\t\t\t\t<div class=\"image-link\">\n\t\t\t\t\t<img loading=\"lazy\" decoding=\"async\" width=\"702\" height=\"336\" src=\"https:\/\/www.haufe-akademie.de\/blog\/wp-content\/uploads\/2025\/11\/Product-Discovery-von-der-Idee-zum-marktfaehigen-Produkt-702x336.png\" class=\"image wp-post-image\" alt=\"\" srcset=\"https:\/\/www.haufe-akademie.de\/blog\/wp-content\/uploads\/2025\/11\/Product-Discovery-von-der-Idee-zum-marktfaehigen-Produkt-702x336.png 702w, https:\/\/www.haufe-akademie.de\/blog\/wp-content\/uploads\/2025\/11\/Product-Discovery-von-der-Idee-zum-marktfaehigen-Produkt-150x72@2x.png 300w, https:\/\/www.haufe-akademie.de\/blog\/wp-content\/uploads\/2025\/11\/Product-Discovery-von-der-Idee-zum-marktfaehigen-Produkt-150x72.png 150w, https:\/\/www.haufe-akademie.de\/blog\/wp-content\/uploads\/2025\/11\/Product-Discovery-von-der-Idee-zum-marktfaehigen-Produkt.png 800w, https:\/\/www.haufe-akademie.de\/blog\/wp-content\/uploads\/2025\/11\/Product-Discovery-von-der-Idee-zum-marktfaehigen-Produkt-300x144@2x.png 600w\" sizes=\"auto, (max-width: 702px) 100vw, 702px\" \/>\n\t\t\t\t\t\t\t\t\t<\/div>\n\t\t\t\t\t\t\t\t\t<span class=\"cat-title larger cat-1378\">\n\t\t\t\t\t\t<a href=\"https:\/\/www.haufe-akademie.de\/blog\/themen\/produktmanagement\/\">Produktmanagement<\/a><\/span>\n\t\t\t\t\t\t\t\t<div class=\"highlights__content\">\n\t\t\t\t\t<div class=\"meta\">\n                        <time datetime=\"2025-12-04T15:26:57+01:00\" itemprop=\"datePublished\">4. Dezember 2025 <\/time>\n\n                        \n\t\t\t\t\t\t<span class=\"comments\"><a href=\"https:\/\/www.haufe-akademie.de\/blog\/themen\/produktmanagement\/product-discovery\/#respond\"><i class=\"fa fa-comments-o\"><\/i>\n\t\t\t\t\t\t\t0<\/a><\/span>\n\n\t\t\t\t\t<\/div>\n\n                    <a href=\"https:\/\/www.haufe-akademie.de\/blog\/themen\/produktmanagement\/product-discovery\/\" itemprop=\"name headline\" class=\"highlights__title\">\n                        Product Discovery: von der Idee zum marktf\u00e4higen Produkt                    <\/a>\n\n\t\t\t\t\t\n\t\t\t\t\t<!-- <div class=\"excerpt\">\n\t\t\t\t\t\t<p>Woran scheitern die meisten Produktideen? Nicht an mangelnder technischer Umsetzung \u2013 sondern weil sie am Markt vorbei entwickelt wurden. Um&hellip;<\/p>\n\t\t\t\t\t<\/div> -->\n\n\t\t\t\t\t\t\t\t\t\t\n\t\t\t\t\t<svg class=\"link-arrow\" width=\"16\" height=\"15\" viewBox=\"0 0 13 12\" fill=\"none\" xmlns=\"http:\/\/www.w3.org\/2000\/svg\">\n\t\t\t\t\t\t<path fill-rule=\"evenodd\" clip-rule=\"evenodd\" d=\"M7.03033 0.469727L12.5607 6.00006L7.03033 11.5304L5.96967 10.4697L9.68934 6.75006H0V5.25006H9.68934L5.96967 1.53039L7.03033 0.469727Z\" fill=\"#6F01F5\"\/>\n\t\t\t\t\t<\/svg>\n\t\t\t\t<\/div>\n\n\t\t\t<\/article>\n\n\t\t\n\n\t\t\n\t\t\t\n\n\n\t\n\t<\/section>\n\t<\/div><div class=\"column half\">\n\n\t<section class=\"highlights\">\n\t\t\n\t\t\n\n\t\t\n\t\t\n\t\t\t<article itemscope itemtype=\"http:\/\/schema.org\/Article\">\n\n\t\t\t\t<div class=\"image-link\">\n\t\t\t\t\t<img loading=\"lazy\" decoding=\"async\" width=\"702\" height=\"336\" src=\"https:\/\/www.haufe-akademie.de\/blog\/wp-content\/uploads\/2026\/02\/Kaufvertragsstoerungen-im-einkauf-erkennen-und-rechtssicher-handeln-702x336.jpg\" class=\"image wp-post-image\" alt=\"\" srcset=\"https:\/\/www.haufe-akademie.de\/blog\/wp-content\/uploads\/2026\/02\/Kaufvertragsstoerungen-im-einkauf-erkennen-und-rechtssicher-handeln-702x336.jpg 702w, https:\/\/www.haufe-akademie.de\/blog\/wp-content\/uploads\/2026\/02\/Kaufvertragsstoerungen-im-einkauf-erkennen-und-rechtssicher-handeln-150x72@2x.jpg 300w, https:\/\/www.haufe-akademie.de\/blog\/wp-content\/uploads\/2026\/02\/Kaufvertragsstoerungen-im-einkauf-erkennen-und-rechtssicher-handeln-150x72.jpg 150w, https:\/\/www.haufe-akademie.de\/blog\/wp-content\/uploads\/2026\/02\/Kaufvertragsstoerungen-im-einkauf-erkennen-und-rechtssicher-handeln.jpg 800w, https:\/\/www.haufe-akademie.de\/blog\/wp-content\/uploads\/2026\/02\/Kaufvertragsstoerungen-im-einkauf-erkennen-und-rechtssicher-handeln-300x144@2x.jpg 600w\" sizes=\"auto, (max-width: 702px) 100vw, 702px\" \/>\n\t\t\t\t\t\t\t\t\t<\/div>\n\t\t\t\t\t\t\t\t\t<span class=\"cat-title larger cat-1376\">\n\t\t\t\t\t\t<a href=\"https:\/\/www.haufe-akademie.de\/blog\/themen\/einkauf\/\">Einkauf<\/a><\/span>\n\t\t\t\t\t\t\t\t<div class=\"highlights__content\">\n\t\t\t\t\t<div class=\"meta\">\n                        <time datetime=\"2026-01-26T09:00:23+01:00\" itemprop=\"datePublished\">22. Januar 2026 <\/time>\n\n                        \n\t\t\t\t\t\t<span class=\"comments\"><a href=\"https:\/\/www.haufe-akademie.de\/blog\/themen\/einkauf\/kaufvertragsstoerungen\/#respond\"><i class=\"fa fa-comments-o\"><\/i>\n\t\t\t\t\t\t\t0<\/a><\/span>\n\n\t\t\t\t\t<\/div>\n\n                    <a href=\"https:\/\/www.haufe-akademie.de\/blog\/themen\/einkauf\/kaufvertragsstoerungen\/\" itemprop=\"name headline\" class=\"highlights__title\">\n                        Kaufvertragsst\u00f6rungen im Einkauf erkennen und rechtssicher handeln                    <\/a>\n\n\t\t\t\t\t\n\t\t\t\t\t<!-- <div class=\"excerpt\">\n\t\t\t\t\t\t<p>Im Unternehmensalltag l\u00e4uft nicht immer alles nach Plan. Kaufvertragsst\u00f6rungen sind der Alptraum vieler Eink\u00e4ufer:innen und k\u00f6nnen erhebliche wirtschaftliche Folgen haben.&hellip;<\/p>\n\t\t\t\t\t<\/div> -->\n\n\t\t\t\t\t\t\t\t\t\t\n\t\t\t\t\t<svg class=\"link-arrow\" width=\"16\" height=\"15\" viewBox=\"0 0 13 12\" fill=\"none\" xmlns=\"http:\/\/www.w3.org\/2000\/svg\">\n\t\t\t\t\t\t<path fill-rule=\"evenodd\" clip-rule=\"evenodd\" d=\"M7.03033 0.469727L12.5607 6.00006L7.03033 11.5304L5.96967 10.4697L9.68934 6.75006H0V5.25006H9.68934L5.96967 1.53039L7.03033 0.469727Z\" fill=\"#6F01F5\"\/>\n\t\t\t\t\t<\/svg>\n\t\t\t\t<\/div>\n\n\t\t\t<\/article>\n\n\t\t\n\n\t\t\n\t\t\t\n\n\n\t\n\t<\/section>\n\t<\/div><\/div>\n\n\t<div class=\"row cf highlights-box\"><div class=\"column half\">\n\n\t<section class=\"highlights\">\n\t\t\n\t\t\n\n\t\t\n\t\t\n\t\t\t<article itemscope itemtype=\"http:\/\/schema.org\/Article\">\n\n\t\t\t\t<div class=\"image-link\">\n\t\t\t\t\t<img loading=\"lazy\" decoding=\"async\" width=\"702\" height=\"336\" src=\"https:\/\/www.haufe-akademie.de\/blog\/wp-content\/uploads\/2026\/02\/Was-ist-vendor-Managed-Inventory-VMI-und-wie-revolutioniert-es-dielagerhaltung-neu-702x336.jpg\" class=\"image wp-post-image\" alt=\"\" srcset=\"https:\/\/www.haufe-akademie.de\/blog\/wp-content\/uploads\/2026\/02\/Was-ist-vendor-Managed-Inventory-VMI-und-wie-revolutioniert-es-dielagerhaltung-neu-702x336.jpg 702w, https:\/\/www.haufe-akademie.de\/blog\/wp-content\/uploads\/2026\/02\/Was-ist-vendor-Managed-Inventory-VMI-und-wie-revolutioniert-es-dielagerhaltung-neu-150x72@2x.jpg 300w, https:\/\/www.haufe-akademie.de\/blog\/wp-content\/uploads\/2026\/02\/Was-ist-vendor-Managed-Inventory-VMI-und-wie-revolutioniert-es-dielagerhaltung-neu-150x72.jpg 150w, https:\/\/www.haufe-akademie.de\/blog\/wp-content\/uploads\/2026\/02\/Was-ist-vendor-Managed-Inventory-VMI-und-wie-revolutioniert-es-dielagerhaltung-neu.jpg 800w, https:\/\/www.haufe-akademie.de\/blog\/wp-content\/uploads\/2026\/02\/Was-ist-vendor-Managed-Inventory-VMI-und-wie-revolutioniert-es-dielagerhaltung-neu-300x144@2x.jpg 600w\" sizes=\"auto, (max-width: 702px) 100vw, 702px\" \/>\n\t\t\t\t\t\t\t\t\t<\/div>\n\t\t\t\t\t\t\t\t\t<span class=\"cat-title larger cat-1377\">\n\t\t\t\t\t\t<a href=\"https:\/\/www.haufe-akademie.de\/blog\/themen\/logistik-supply-chain-und-aussenhandel\/\">Logistik, Supply Chain und Au\u00dfenhandel<\/a><\/span>\n\t\t\t\t\t\t\t\t<div class=\"highlights__content\">\n\t\t\t\t\t<div class=\"meta\">\n                        <time datetime=\"2026-02-02T09:00:35+01:00\" itemprop=\"datePublished\">26. Januar 2026 <\/time>\n\n                        \n\t\t\t\t\t\t<span class=\"comments\"><a href=\"https:\/\/www.haufe-akademie.de\/blog\/themen\/logistik-supply-chain-und-aussenhandel\/vendor-managed-inventory\/#respond\"><i class=\"fa fa-comments-o\"><\/i>\n\t\t\t\t\t\t\t0<\/a><\/span>\n\n\t\t\t\t\t<\/div>\n\n                    <a href=\"https:\/\/www.haufe-akademie.de\/blog\/themen\/logistik-supply-chain-und-aussenhandel\/vendor-managed-inventory\/\" itemprop=\"name headline\" class=\"highlights__title\">\n                        Was ist Vendor Managed Inventory (VMI) und wie revolutioniert es die Lagerhaltung?                    <\/a>\n\n\t\t\t\t\t\n\t\t\t\t\t<!-- <div class=\"excerpt\">\n\t\t\t\t\t\t<p>Vendor Managed Inventory (VMI) ver\u00e4ndert die Art, wie Unternehmen ihre Lagerbest\u00e4nde verwalten. Bei diesem Konzept \u00fcbernimmt der Lieferant die Verantwortung&hellip;<\/p>\n\t\t\t\t\t<\/div> -->\n\n\t\t\t\t\t\t\t\t\t\t\n\t\t\t\t\t<svg class=\"link-arrow\" width=\"16\" height=\"15\" viewBox=\"0 0 13 12\" fill=\"none\" xmlns=\"http:\/\/www.w3.org\/2000\/svg\">\n\t\t\t\t\t\t<path fill-rule=\"evenodd\" clip-rule=\"evenodd\" d=\"M7.03033 0.469727L12.5607 6.00006L7.03033 11.5304L5.96967 10.4697L9.68934 6.75006H0V5.25006H9.68934L5.96967 1.53039L7.03033 0.469727Z\" fill=\"#6F01F5\"\/>\n\t\t\t\t\t<\/svg>\n\t\t\t\t<\/div>\n\n\t\t\t<\/article>\n\n\t\t\n\n\t\t\n\t\t\t\n\n\n\t\n\t<\/section>\n\t<\/div><div class=\"column half\">\n\n\t<section class=\"highlights\">\n\t\t\n\t\t\n\n\t\t\n\t\t\n\t\t\t<article itemscope itemtype=\"http:\/\/schema.org\/Article\">\n\n\t\t\t\t<div class=\"image-link\">\n\t\t\t\t\t<img loading=\"lazy\" decoding=\"async\" width=\"702\" height=\"336\" src=\"https:\/\/www.haufe-akademie.de\/blog\/wp-content\/uploads\/2024\/12\/Bueroorganisation-702x336.jpg\" class=\"image wp-post-image\" alt=\"\" srcset=\"https:\/\/www.haufe-akademie.de\/blog\/wp-content\/uploads\/2024\/12\/Bueroorganisation-702x336.jpg 702w, https:\/\/www.haufe-akademie.de\/blog\/wp-content\/uploads\/2024\/12\/Bueroorganisation-150x72@2x.jpg 300w, https:\/\/www.haufe-akademie.de\/blog\/wp-content\/uploads\/2024\/12\/Bueroorganisation-150x72.jpg 150w, https:\/\/www.haufe-akademie.de\/blog\/wp-content\/uploads\/2024\/12\/Bueroorganisation.jpg 800w, https:\/\/www.haufe-akademie.de\/blog\/wp-content\/uploads\/2024\/12\/Bueroorganisation-300x144@2x.jpg 600w\" sizes=\"auto, (max-width: 702px) 100vw, 702px\" \/>\n\t\t\t\t\t\t\t\t\t<\/div>\n\t\t\t\t\t\t\t\t\t<span class=\"cat-title larger cat-95\">\n\t\t\t\t\t\t<a href=\"https:\/\/www.haufe-akademie.de\/blog\/themen\/assistenz-und-office-management\/\">Assistenz und Office-Management<\/a><\/span>\n\t\t\t\t\t\t\t\t<div class=\"highlights__content\">\n\t\t\t\t\t<div class=\"meta\">\n                        <time datetime=\"2024-12-13T10:00:42+01:00\" itemprop=\"datePublished\">13. Dezember 2024 <\/time>\n\n                        \n\t\t\t\t\t\t<span class=\"comments\"><a href=\"https:\/\/www.haufe-akademie.de\/blog\/themen\/assistenz-und-office-management\/bueroorganisation\/#respond\"><i class=\"fa fa-comments-o\"><\/i>\n\t\t\t\t\t\t\t0<\/a><\/span>\n\n\t\t\t\t\t<\/div>\n\n                    <a href=\"https:\/\/www.haufe-akademie.de\/blog\/themen\/assistenz-und-office-management\/bueroorganisation\/\" itemprop=\"name headline\" class=\"highlights__title\">\n                        B\u00fcroorganisation: Schreibtisch, E-Mails &#038; Co. optimal planen                    <\/a>\n\n\t\t\t\t\t\n\t\t\t\t\t<!-- <div class=\"excerpt\">\n\t\t\t\t\t\t<p>Eine effiziente B\u00fcroorganisation umfasst nicht nur den Schreibtisch, sondern auch den Umgang mit digitalen Arbeitsmitteln wie E-Mails und anderen Kommunikations-Tools.&hellip;<\/p>\n\t\t\t\t\t<\/div> -->\n\n\t\t\t\t\t\t\t\t\t\t\n\t\t\t\t\t<svg class=\"link-arrow\" width=\"16\" height=\"15\" viewBox=\"0 0 13 12\" fill=\"none\" xmlns=\"http:\/\/www.w3.org\/2000\/svg\">\n\t\t\t\t\t\t<path fill-rule=\"evenodd\" clip-rule=\"evenodd\" d=\"M7.03033 0.469727L12.5607 6.00006L7.03033 11.5304L5.96967 10.4697L9.68934 6.75006H0V5.25006H9.68934L5.96967 1.53039L7.03033 0.469727Z\" fill=\"#6F01F5\"\/>\n\t\t\t\t\t<\/svg>\n\t\t\t\t<\/div>\n\n\t\t\t<\/article>\n\n\t\t\n\n\t\t\n\t\t\t\n\n\n\t\n\t<\/section>\n\t<\/div><\/div>\n\n\t<div class=\"row cf highlights-box\"><div class=\"column half\">\n\n\t<section class=\"highlights\">\n\t\t\n\t\t\n\n\t\t\n\t\t\n\t\t\t<article itemscope itemtype=\"http:\/\/schema.org\/Article\">\n\n\t\t\t\t<div class=\"image-link\">\n\t\t\t\t\t<img loading=\"lazy\" decoding=\"async\" width=\"702\" height=\"336\" src=\"https:\/\/www.haufe-akademie.de\/blog\/wp-content\/uploads\/2025\/08\/betriebsveranstaltung-1-702x336.jpg\" class=\"image wp-post-image\" alt=\"\" srcset=\"https:\/\/www.haufe-akademie.de\/blog\/wp-content\/uploads\/2025\/08\/betriebsveranstaltung-1-702x336.jpg 702w, https:\/\/www.haufe-akademie.de\/blog\/wp-content\/uploads\/2025\/08\/betriebsveranstaltung-1-1078x516.jpg 1078w, https:\/\/www.haufe-akademie.de\/blog\/wp-content\/uploads\/2025\/08\/betriebsveranstaltung-1-300x144.jpg 300w\" sizes=\"auto, (max-width: 702px) 100vw, 702px\" \/>\n\t\t\t\t\t\t\t\t\t<\/div>\n\t\t\t\t\t\t\t\t\t<span class=\"cat-title larger cat-57\">\n\t\t\t\t\t\t<a href=\"https:\/\/www.haufe-akademie.de\/blog\/themen\/rechnungswesen\/\">Rechnungswesen<\/a><\/span>\n\t\t\t\t\t\t\t\t<div class=\"highlights__content\">\n\t\t\t\t\t<div class=\"meta\">\n                        <time datetime=\"2025-08-11T10:11:43+02:00\" itemprop=\"datePublished\">11. August 2025 <\/time>\n\n                        \n\t\t\t\t\t\t<span class=\"comments\"><a href=\"https:\/\/www.haufe-akademie.de\/blog\/themen\/rechnungswesen\/betriebsveranstaltung\/#respond\"><i class=\"fa fa-comments-o\"><\/i>\n\t\t\t\t\t\t\t0<\/a><\/span>\n\n\t\t\t\t\t<\/div>\n\n                    <a href=\"https:\/\/www.haufe-akademie.de\/blog\/themen\/rechnungswesen\/betriebsveranstaltung\/\" itemprop=\"name headline\" class=\"highlights__title\">\n                        Betriebsveranstaltung: Definition, Steuerregeln &#038; Freibetrag                    <\/a>\n\n\t\t\t\t\t\n\t\t\t\t\t<!-- <div class=\"excerpt\">\n\t\t\t\t\t\t<p>Die Kosten f\u00fcr eine Betriebsveranstaltung k\u00f6nnen steuerbeg\u00fcnstigt abgerechnet werden. Unter welchen Voraussetzungen ist das m\u00f6glich? Wir geben dir einen \u00dcberblick&hellip;<\/p>\n\t\t\t\t\t<\/div> -->\n\n\t\t\t\t\t\t\t\t\t\t\n\t\t\t\t\t<svg class=\"link-arrow\" width=\"16\" height=\"15\" viewBox=\"0 0 13 12\" fill=\"none\" xmlns=\"http:\/\/www.w3.org\/2000\/svg\">\n\t\t\t\t\t\t<path fill-rule=\"evenodd\" clip-rule=\"evenodd\" d=\"M7.03033 0.469727L12.5607 6.00006L7.03033 11.5304L5.96967 10.4697L9.68934 6.75006H0V5.25006H9.68934L5.96967 1.53039L7.03033 0.469727Z\" fill=\"#6F01F5\"\/>\n\t\t\t\t\t<\/svg>\n\t\t\t\t<\/div>\n\n\t\t\t<\/article>\n\n\t\t\n\n\t\t\n\t\t\t\n\n\n\t\n\t<\/section>\n\t<\/div><div class=\"column half\">\n\n\t<section class=\"highlights\">\n\t\t\n\t\t\n\n\t\t\n\t\t\n\t\t\t<article itemscope itemtype=\"http:\/\/schema.org\/Article\">\n\n\t\t\t\t<div class=\"image-link\">\n\t\t\t\t\t<img loading=\"lazy\" decoding=\"async\" width=\"702\" height=\"336\" src=\"https:\/\/www.haufe-akademie.de\/blog\/wp-content\/uploads\/2026\/01\/Power-bi-slicer-tutuorial-slicer-schritt-fuer-schritt-erstellen-702x336.jpg\" class=\"image wp-post-image\" alt=\"\" srcset=\"https:\/\/www.haufe-akademie.de\/blog\/wp-content\/uploads\/2026\/01\/Power-bi-slicer-tutuorial-slicer-schritt-fuer-schritt-erstellen-702x336.jpg 702w, https:\/\/www.haufe-akademie.de\/blog\/wp-content\/uploads\/2026\/01\/Power-bi-slicer-tutuorial-slicer-schritt-fuer-schritt-erstellen-150x72@2x.jpg 300w, https:\/\/www.haufe-akademie.de\/blog\/wp-content\/uploads\/2026\/01\/Power-bi-slicer-tutuorial-slicer-schritt-fuer-schritt-erstellen-150x72.jpg 150w, https:\/\/www.haufe-akademie.de\/blog\/wp-content\/uploads\/2026\/01\/Power-bi-slicer-tutuorial-slicer-schritt-fuer-schritt-erstellen.jpg 800w, https:\/\/www.haufe-akademie.de\/blog\/wp-content\/uploads\/2026\/01\/Power-bi-slicer-tutuorial-slicer-schritt-fuer-schritt-erstellen-300x144@2x.jpg 600w\" sizes=\"auto, (max-width: 702px) 100vw, 702px\" \/>\n\t\t\t\t\t\t\t\t\t<\/div>\n\t\t\t\t\t\t\t\t\t<span class=\"cat-title larger cat-72\">\n\t\t\t\t\t\t<a href=\"https:\/\/www.haufe-akademie.de\/blog\/themen\/controlling\/\">Controlling<\/a><\/span>\n\t\t\t\t\t\t\t\t<div class=\"highlights__content\">\n\t\t\t\t\t<div class=\"meta\">\n                        <time datetime=\"2026-01-20T13:39:51+01:00\" itemprop=\"datePublished\">20. Januar 2026 <\/time>\n\n                        \n\t\t\t\t\t\t<span class=\"comments\"><a href=\"https:\/\/www.haufe-akademie.de\/blog\/themen\/controlling\/power-bi-slicer-tutorial\/#respond\"><i class=\"fa fa-comments-o\"><\/i>\n\t\t\t\t\t\t\t0<\/a><\/span>\n\n\t\t\t\t\t<\/div>\n\n                    <a href=\"https:\/\/www.haufe-akademie.de\/blog\/themen\/controlling\/power-bi-slicer-tutorial\/\" itemprop=\"name headline\" class=\"highlights__title\">\n                        Power BI Slicer \u2013 so arbeitest du mit interaktiven Filtern                    <\/a>\n\n\t\t\t\t\t\n\t\t\t\t\t<!-- <div class=\"excerpt\">\n\t\t\t\t\t\t<p>In diesem Tutorial lernst du die Grundlagen zum Power BI Slicer kennen und setzt sie direkt im Contoso-Dataset um, einem&hellip;<\/p>\n\t\t\t\t\t<\/div> -->\n\n\t\t\t\t\t\t\t\t\t\t\n\t\t\t\t\t<svg class=\"link-arrow\" width=\"16\" height=\"15\" viewBox=\"0 0 13 12\" fill=\"none\" xmlns=\"http:\/\/www.w3.org\/2000\/svg\">\n\t\t\t\t\t\t<path fill-rule=\"evenodd\" clip-rule=\"evenodd\" d=\"M7.03033 0.469727L12.5607 6.00006L7.03033 11.5304L5.96967 10.4697L9.68934 6.75006H0V5.25006H9.68934L5.96967 1.53039L7.03033 0.469727Z\" fill=\"#6F01F5\"\/>\n\t\t\t\t\t<\/svg>\n\t\t\t\t<\/div>\n\n\t\t\t<\/article>\n\n\t\t\n\n\t\t\n\t\t\t\n\n\n\t\n\t<\/section>\n\t<\/div><\/div>\n\n\t<div class=\"row cf highlights-box\"><div class=\"column half\">\n\n\t<section class=\"highlights\">\n\t\t\n\t\t\n\n\t\t\n\t\t\n\t\t\t<article itemscope itemtype=\"http:\/\/schema.org\/Article\">\n\n\t\t\t\t<div class=\"image-link\">\n\t\t\t\t\t<img loading=\"lazy\" decoding=\"async\" width=\"702\" height=\"336\" src=\"https:\/\/www.haufe-akademie.de\/blog\/wp-content\/uploads\/2026\/03\/Datenpanne-definition-meldepflicht-massnahmen-nach-dsgvo-702x336.png\" class=\"image wp-post-image\" alt=\"\" srcset=\"https:\/\/www.haufe-akademie.de\/blog\/wp-content\/uploads\/2026\/03\/Datenpanne-definition-meldepflicht-massnahmen-nach-dsgvo-702x336.png 702w, https:\/\/www.haufe-akademie.de\/blog\/wp-content\/uploads\/2026\/03\/Datenpanne-definition-meldepflicht-massnahmen-nach-dsgvo-150x72@2x.png 300w, https:\/\/www.haufe-akademie.de\/blog\/wp-content\/uploads\/2026\/03\/Datenpanne-definition-meldepflicht-massnahmen-nach-dsgvo-150x72.png 150w, https:\/\/www.haufe-akademie.de\/blog\/wp-content\/uploads\/2026\/03\/Datenpanne-definition-meldepflicht-massnahmen-nach-dsgvo.png 800w, https:\/\/www.haufe-akademie.de\/blog\/wp-content\/uploads\/2026\/03\/Datenpanne-definition-meldepflicht-massnahmen-nach-dsgvo-300x144@2x.png 600w\" sizes=\"auto, (max-width: 702px) 100vw, 702px\" \/>\n\t\t\t\t\t\t\t\t\t<\/div>\n\t\t\t\t\t\t\t\t\t<span class=\"cat-title larger cat-1075\">\n\t\t\t\t\t\t<a href=\"https:\/\/www.haufe-akademie.de\/blog\/themen\/recht-datenschutz\/\">Recht und Datenschutz<\/a><\/span>\n\t\t\t\t\t\t\t\t<div class=\"highlights__content\">\n\t\t\t\t\t<div class=\"meta\">\n                        <time datetime=\"2026-04-20T09:07:28+02:00\" itemprop=\"datePublished\">20. April 2026 <\/time>\n\n                        \n\t\t\t\t\t\t<span class=\"comments\"><a href=\"https:\/\/www.haufe-akademie.de\/blog\/themen\/recht-datenschutz\/datenpanne\/#respond\"><i class=\"fa fa-comments-o\"><\/i>\n\t\t\t\t\t\t\t0<\/a><\/span>\n\n\t\t\t\t\t<\/div>\n\n                    <a href=\"https:\/\/www.haufe-akademie.de\/blog\/themen\/recht-datenschutz\/datenpanne\/\" itemprop=\"name headline\" class=\"highlights__title\">\n                        Datenpanne: Definition, Meldepflicht &#038; Ma\u00dfnahmen nach DSGVO                    <\/a>\n\n\t\t\t\t\t\n\t\t\t\t\t<!-- <div class=\"excerpt\">\n\t\t\t\t\t\t<p>Ein falscher Verteiler, ein verlorenes Ger\u00e4t, eine verd\u00e4chtige E-Mail \u00fcber eine \u201eKontosperrung&#8220; \u2013 Datenschutzverletzungen k\u00f6nnen viele Gesichter haben. Manche entstehen&hellip;<\/p>\n\t\t\t\t\t<\/div> -->\n\n\t\t\t\t\t\t\t\t\t\t\n\t\t\t\t\t<svg class=\"link-arrow\" width=\"16\" height=\"15\" viewBox=\"0 0 13 12\" fill=\"none\" xmlns=\"http:\/\/www.w3.org\/2000\/svg\">\n\t\t\t\t\t\t<path fill-rule=\"evenodd\" clip-rule=\"evenodd\" d=\"M7.03033 0.469727L12.5607 6.00006L7.03033 11.5304L5.96967 10.4697L9.68934 6.75006H0V5.25006H9.68934L5.96967 1.53039L7.03033 0.469727Z\" fill=\"#6F01F5\"\/>\n\t\t\t\t\t<\/svg>\n\t\t\t\t<\/div>\n\n\t\t\t<\/article>\n\n\t\t\n\n\t\t\n\t\t\t\n\n\n\t\n\t<\/section>\n\t<\/div><div class=\"column half\">\n\n\t<section class=\"highlights\">\n\t\t\n\t\t\n\n\t\t\n\t\t\n\t\t\t<article itemscope itemtype=\"http:\/\/schema.org\/Article\">\n\n\t\t\t\t<div class=\"image-link\">\n\t\t\t\t\t<img loading=\"lazy\" decoding=\"async\" width=\"702\" height=\"336\" src=\"https:\/\/www.haufe-akademie.de\/blog\/wp-content\/uploads\/2026\/03\/Geldwaeschepraevention-im-unternehmen-pflichten-massnahmen-und-umsetzung-in-der-praxis-702x336.jpg\" class=\"image wp-post-image\" alt=\"\" srcset=\"https:\/\/www.haufe-akademie.de\/blog\/wp-content\/uploads\/2026\/03\/Geldwaeschepraevention-im-unternehmen-pflichten-massnahmen-und-umsetzung-in-der-praxis-702x336.jpg 702w, https:\/\/www.haufe-akademie.de\/blog\/wp-content\/uploads\/2026\/03\/Geldwaeschepraevention-im-unternehmen-pflichten-massnahmen-und-umsetzung-in-der-praxis-150x72@2x.jpg 300w, https:\/\/www.haufe-akademie.de\/blog\/wp-content\/uploads\/2026\/03\/Geldwaeschepraevention-im-unternehmen-pflichten-massnahmen-und-umsetzung-in-der-praxis-150x72.jpg 150w, https:\/\/www.haufe-akademie.de\/blog\/wp-content\/uploads\/2026\/03\/Geldwaeschepraevention-im-unternehmen-pflichten-massnahmen-und-umsetzung-in-der-praxis.jpg 800w, https:\/\/www.haufe-akademie.de\/blog\/wp-content\/uploads\/2026\/03\/Geldwaeschepraevention-im-unternehmen-pflichten-massnahmen-und-umsetzung-in-der-praxis-300x144@2x.jpg 600w\" sizes=\"auto, (max-width: 702px) 100vw, 702px\" \/>\n\t\t\t\t\t\t\t\t\t<\/div>\n\t\t\t\t\t\t\t\t\t<span class=\"cat-title larger cat-352\">\n\t\t\t\t\t\t<a href=\"https:\/\/www.haufe-akademie.de\/blog\/themen\/compliance\/\">Compliance<\/a><\/span>\n\t\t\t\t\t\t\t\t<div class=\"highlights__content\">\n\t\t\t\t\t<div class=\"meta\">\n                        <time datetime=\"2026-03-27T10:00:23+01:00\" itemprop=\"datePublished\">26. M\u00e4rz 2026 <\/time>\n\n                        \n\t\t\t\t\t\t<span class=\"comments\"><a href=\"https:\/\/www.haufe-akademie.de\/blog\/themen\/compliance\/geldwaeschepraevention\/#respond\"><i class=\"fa fa-comments-o\"><\/i>\n\t\t\t\t\t\t\t0<\/a><\/span>\n\n\t\t\t\t\t<\/div>\n\n                    <a href=\"https:\/\/www.haufe-akademie.de\/blog\/themen\/compliance\/geldwaeschepraevention\/\" itemprop=\"name headline\" class=\"highlights__title\">\n                        Geldw\u00e4schepr\u00e4vention im Unternehmen: Pflichten, Ma\u00dfnahmen und Umsetzung in der Praxis                    <\/a>\n\n\t\t\t\t\t\n\t\t\t\t\t<!-- <div class=\"excerpt\">\n\t\t\t\t\t\t<p>Ein neuer Kunde meldet sich, das Projekt klingt vielversprechend, die Zusammenarbeit startet unkompliziert. Vielleicht f\u00e4llt nur eine Kleinigkeit auf: Die&hellip;<\/p>\n\t\t\t\t\t<\/div> -->\n\n\t\t\t\t\t\t\t\t\t\t\n\t\t\t\t\t<svg class=\"link-arrow\" width=\"16\" height=\"15\" viewBox=\"0 0 13 12\" fill=\"none\" xmlns=\"http:\/\/www.w3.org\/2000\/svg\">\n\t\t\t\t\t\t<path fill-rule=\"evenodd\" clip-rule=\"evenodd\" d=\"M7.03033 0.469727L12.5607 6.00006L7.03033 11.5304L5.96967 10.4697L9.68934 6.75006H0V5.25006H9.68934L5.96967 1.53039L7.03033 0.469727Z\" fill=\"#6F01F5\"\/>\n\t\t\t\t\t<\/svg>\n\t\t\t\t<\/div>\n\n\t\t\t<\/article>\n\n\t\t\n\n\t\t\n\t\t\t\n\n\n\t\n\t<\/section>\n\t<\/div><\/div>\n\n\t<div class=\"row cf highlights-box\"><div class=\"column half\">\n\n\t<section class=\"highlights\">\n\t\t\n\t\t\n\n\t\t\n\t\t\n\t\t\t<article itemscope itemtype=\"http:\/\/schema.org\/Article\">\n\n\t\t\t\t<div class=\"image-link\">\n\t\t\t\t\t<img loading=\"lazy\" decoding=\"async\" width=\"702\" height=\"336\" src=\"https:\/\/www.haufe-akademie.de\/blog\/wp-content\/uploads\/2025\/09\/AI-coach-als-karrierebegleiter-chance-oder-risiko-702x336.jpg\" class=\"image wp-post-image\" alt=\"\" srcset=\"https:\/\/www.haufe-akademie.de\/blog\/wp-content\/uploads\/2025\/09\/AI-coach-als-karrierebegleiter-chance-oder-risiko-702x336.jpg 702w, https:\/\/www.haufe-akademie.de\/blog\/wp-content\/uploads\/2025\/09\/AI-coach-als-karrierebegleiter-chance-oder-risiko-150x72@2x.jpg 300w, https:\/\/www.haufe-akademie.de\/blog\/wp-content\/uploads\/2025\/09\/AI-coach-als-karrierebegleiter-chance-oder-risiko-150x72.jpg 150w, https:\/\/www.haufe-akademie.de\/blog\/wp-content\/uploads\/2025\/09\/AI-coach-als-karrierebegleiter-chance-oder-risiko.jpg 800w, https:\/\/www.haufe-akademie.de\/blog\/wp-content\/uploads\/2025\/09\/AI-coach-als-karrierebegleiter-chance-oder-risiko-300x144@2x.jpg 600w\" sizes=\"auto, (max-width: 702px) 100vw, 702px\" \/>\n\t\t\t\t\t\t\t\t\t<\/div>\n\t\t\t\t\t\t\t\t\t<span class=\"cat-title larger cat-1186\">\n\t\t\t\t\t\t<a href=\"https:\/\/www.haufe-akademie.de\/blog\/themen\/coaching\/\">Coaching<\/a><\/span>\n\t\t\t\t\t\t\t\t<div class=\"highlights__content\">\n\t\t\t\t\t<div class=\"meta\">\n                        <time datetime=\"2025-09-24T10:05:56+02:00\" itemprop=\"datePublished\">24. September 2025 <\/time>\n\n                        \n\t\t\t\t\t\t<span class=\"comments\"><a href=\"https:\/\/www.haufe-akademie.de\/blog\/themen\/coaching\/ai-coach\/#respond\"><i class=\"fa fa-comments-o\"><\/i>\n\t\t\t\t\t\t\t0<\/a><\/span>\n\n\t\t\t\t\t<\/div>\n\n                    <a href=\"https:\/\/www.haufe-akademie.de\/blog\/themen\/coaching\/ai-coach\/\" itemprop=\"name headline\" class=\"highlights__title\">\n                        AI Coach als Karrierebegleiter: Chance oder Risiko?                    <\/a>\n\n\t\t\t\t\t\n\t\t\t\t\t<!-- <div class=\"excerpt\">\n\t\t\t\t\t\t<p>Suchst du nach M\u00f6glichkeiten, deine berufliche Entwicklung gezielt voranzubringen? Dann bist du vielleicht schon \u00fcber den Begriff \u201eAI Coach\u201c gestolpert:&hellip;<\/p>\n\t\t\t\t\t<\/div> -->\n\n\t\t\t\t\t\t\t\t\t\t\n\t\t\t\t\t<svg class=\"link-arrow\" width=\"16\" height=\"15\" viewBox=\"0 0 13 12\" fill=\"none\" xmlns=\"http:\/\/www.w3.org\/2000\/svg\">\n\t\t\t\t\t\t<path fill-rule=\"evenodd\" clip-rule=\"evenodd\" d=\"M7.03033 0.469727L12.5607 6.00006L7.03033 11.5304L5.96967 10.4697L9.68934 6.75006H0V5.25006H9.68934L5.96967 1.53039L7.03033 0.469727Z\" fill=\"#6F01F5\"\/>\n\t\t\t\t\t<\/svg>\n\t\t\t\t<\/div>\n\n\t\t\t<\/article>\n\n\t\t\n\n\t\t\n\t\t\t\n\n\n\t\n\t<\/section>\n\t<\/div><div class=\"column half\">\n\n\t<section class=\"highlights\">\n\t\t\n\t\t\n\n\t\t\n\t\t\n\t\t\t<article itemscope itemtype=\"http:\/\/schema.org\/Article\">\n\n\t\t\t\t<div class=\"image-link\">\n\t\t\t\t\t<img loading=\"lazy\" decoding=\"async\" width=\"702\" height=\"336\" src=\"https:\/\/www.haufe-akademie.de\/blog\/wp-content\/uploads\/2026\/01\/PeopleCoachingalsErfolgsfaktor-702x336.jpg\" class=\"image wp-post-image\" alt=\"\" srcset=\"https:\/\/www.haufe-akademie.de\/blog\/wp-content\/uploads\/2026\/01\/PeopleCoachingalsErfolgsfaktor-702x336.jpg 702w, https:\/\/www.haufe-akademie.de\/blog\/wp-content\/uploads\/2026\/01\/PeopleCoachingalsErfolgsfaktor-150x72@2x.jpg 300w, https:\/\/www.haufe-akademie.de\/blog\/wp-content\/uploads\/2026\/01\/PeopleCoachingalsErfolgsfaktor-150x72.jpg 150w, https:\/\/www.haufe-akademie.de\/blog\/wp-content\/uploads\/2026\/01\/PeopleCoachingalsErfolgsfaktor.jpg 800w, https:\/\/www.haufe-akademie.de\/blog\/wp-content\/uploads\/2026\/01\/PeopleCoachingalsErfolgsfaktor-300x144@2x.jpg 600w\" sizes=\"auto, (max-width: 702px) 100vw, 702px\" \/>\n\t\t\t\t\t\t\t\t\t<\/div>\n\t\t\t\t\t\t\t\t\t<span class=\"cat-title larger cat-411\">\n\t\t\t\t\t\t<a href=\"https:\/\/www.haufe-akademie.de\/blog\/themen\/coaches-und-berater\/\">Kompetenz f\u00fcr Training, Coaching und Beratung<\/a><\/span>\n\t\t\t\t\t\t\t\t<div class=\"highlights__content\">\n\t\t\t\t\t<div class=\"meta\">\n                        <time datetime=\"2026-01-15T15:00:25+01:00\" itemprop=\"datePublished\">19. Januar 2026 <\/time>\n\n                        \n\t\t\t\t\t\t<span class=\"comments\"><a href=\"https:\/\/www.haufe-akademie.de\/blog\/themen\/coaches-und-berater\/people-coaching-als-erfolgsfaktor\/#respond\"><i class=\"fa fa-comments-o\"><\/i>\n\t\t\t\t\t\t\t0<\/a><\/span>\n\n\t\t\t\t\t<\/div>\n\n                    <a href=\"https:\/\/www.haufe-akademie.de\/blog\/themen\/coaches-und-berater\/people-coaching-als-erfolgsfaktor\/\" itemprop=\"name headline\" class=\"highlights__title\">\n                        People Coaching als Erfolgsfaktor im Team                    <\/a>\n\n\t\t\t\t\t\n\t\t\t\t\t<!-- <div class=\"excerpt\">\n\t\t\t\t\t\t<p>Stephanie O\u2019Reilly, Bereichsleiterin Corporate Academy Services bei der Haufe Akademie, \u00fcber die Einf\u00fchrung von People Coachinnen in ihrem Team, die&hellip;<\/p>\n\t\t\t\t\t<\/div> -->\n\n\t\t\t\t\t\t\t\t\t\t\n\t\t\t\t\t<svg class=\"link-arrow\" width=\"16\" height=\"15\" viewBox=\"0 0 13 12\" fill=\"none\" xmlns=\"http:\/\/www.w3.org\/2000\/svg\">\n\t\t\t\t\t\t<path fill-rule=\"evenodd\" clip-rule=\"evenodd\" d=\"M7.03033 0.469727L12.5607 6.00006L7.03033 11.5304L5.96967 10.4697L9.68934 6.75006H0V5.25006H9.68934L5.96967 1.53039L7.03033 0.469727Z\" fill=\"#6F01F5\"\/>\n\t\t\t\t\t<\/svg>\n\t\t\t\t<\/div>\n\n\t\t\t<\/article>\n\n\t\t\n\n\t\t\n\t\t\t\n\n\n\t\n\t<\/section>\n\t<\/div><\/div>\n\n\t<div class=\"row cf highlights-box\"><div class=\"column half\">\n\n\t<section class=\"highlights\">\n\t\t\n\t\t\n\n\t\t\n\t\t\n\t\t\t<article itemscope itemtype=\"http:\/\/schema.org\/Article\">\n\n\t\t\t\t<div class=\"image-link\">\n\t\t\t\t\t<img loading=\"lazy\" decoding=\"async\" width=\"702\" height=\"336\" src=\"https:\/\/www.haufe-akademie.de\/blog\/wp-content\/uploads\/2024\/03\/mit-interkultureller-kompetenz-potentiale-multiplizieren-ohne-filter-702x336.jpg\" class=\"image wp-post-image\" alt=\"\" srcset=\"https:\/\/www.haufe-akademie.de\/blog\/wp-content\/uploads\/2024\/03\/mit-interkultureller-kompetenz-potentiale-multiplizieren-ohne-filter-702x336.jpg 702w, https:\/\/www.haufe-akademie.de\/blog\/wp-content\/uploads\/2024\/03\/mit-interkultureller-kompetenz-potentiale-multiplizieren-ohne-filter-150x72@2x.jpg 300w, https:\/\/www.haufe-akademie.de\/blog\/wp-content\/uploads\/2024\/03\/mit-interkultureller-kompetenz-potentiale-multiplizieren-ohne-filter-150x72.jpg 150w, https:\/\/www.haufe-akademie.de\/blog\/wp-content\/uploads\/2024\/03\/mit-interkultureller-kompetenz-potentiale-multiplizieren-ohne-filter.jpg 800w, https:\/\/www.haufe-akademie.de\/blog\/wp-content\/uploads\/2024\/03\/mit-interkultureller-kompetenz-potentiale-multiplizieren-ohne-filter-300x144@2x.jpg 600w\" sizes=\"auto, (max-width: 702px) 100vw, 702px\" \/>\n\t\t\t\t\t\t\t\t\t<\/div>\n\t\t\t\t\t\t\t\t\t<span class=\"cat-title larger cat-147\">\n\t\t\t\t\t\t<a href=\"https:\/\/www.haufe-akademie.de\/blog\/themen\/international-business\/\">International Business<\/a><\/span>\n\t\t\t\t\t\t\t\t<div class=\"highlights__content\">\n\t\t\t\t\t<div class=\"meta\">\n                        <time datetime=\"2024-03-28T10:00:48+01:00\" itemprop=\"datePublished\">26. M\u00e4rz 2024 <\/time>\n\n                        \n\t\t\t\t\t\t<span class=\"comments\"><a href=\"https:\/\/www.haufe-akademie.de\/blog\/themen\/international-business\/mit-interkultureller-kompetenz-potenziale-multiplizieren\/#respond\"><i class=\"fa fa-comments-o\"><\/i>\n\t\t\t\t\t\t\t0<\/a><\/span>\n\n\t\t\t\t\t<\/div>\n\n                    <a href=\"https:\/\/www.haufe-akademie.de\/blog\/themen\/international-business\/mit-interkultureller-kompetenz-potenziale-multiplizieren\/\" itemprop=\"name headline\" class=\"highlights__title\">\n                        Mit interkultureller Kompetenz Potenziale multiplizieren                    <\/a>\n\n\t\t\t\t\t\n\t\t\t\t\t<!-- <div class=\"excerpt\">\n\t\t\t\t\t\t<p>In der globalisierten Arbeitswelt stehen Unternehmen vor der wachsenden Anforderung, Chancen auf verschiedenen internationalen M\u00e4rkten zu nutzen. Zus\u00e4tzlich sind Unternehmen&hellip;<\/p>\n\t\t\t\t\t<\/div> -->\n\n\t\t\t\t\t\t\t\t\t\t\n\t\t\t\t\t<svg class=\"link-arrow\" width=\"16\" height=\"15\" viewBox=\"0 0 13 12\" fill=\"none\" xmlns=\"http:\/\/www.w3.org\/2000\/svg\">\n\t\t\t\t\t\t<path fill-rule=\"evenodd\" clip-rule=\"evenodd\" d=\"M7.03033 0.469727L12.5607 6.00006L7.03033 11.5304L5.96967 10.4697L9.68934 6.75006H0V5.25006H9.68934L5.96967 1.53039L7.03033 0.469727Z\" fill=\"#6F01F5\"\/>\n\t\t\t\t\t<\/svg>\n\t\t\t\t<\/div>\n\n\t\t\t<\/article>\n\n\t\t\n\n\t\t\n\t\t\t\n\n\n\t\n\t<\/section>\n\t<\/div><div class=\"column half\">\n\n\t<section class=\"highlights\">\n\t\t\n\t\t\n\n\t\t\n\t\t\n\t\t\t<article itemscope itemtype=\"http:\/\/schema.org\/Article\">\n\n\t\t\t\t<div class=\"image-link\">\n\t\t\t\t\t<img loading=\"lazy\" decoding=\"async\" width=\"702\" height=\"336\" src=\"https:\/\/www.haufe-akademie.de\/blog\/wp-content\/uploads\/2026\/04\/Immobilienmanagement-702x336.jpg\" class=\"image wp-post-image\" alt=\"\" srcset=\"https:\/\/www.haufe-akademie.de\/blog\/wp-content\/uploads\/2026\/04\/Immobilienmanagement-702x336.jpg 702w, https:\/\/www.haufe-akademie.de\/blog\/wp-content\/uploads\/2026\/04\/Immobilienmanagement-150x72@2x.jpg 300w, https:\/\/www.haufe-akademie.de\/blog\/wp-content\/uploads\/2026\/04\/Immobilienmanagement-150x72.jpg 150w, https:\/\/www.haufe-akademie.de\/blog\/wp-content\/uploads\/2026\/04\/Immobilienmanagement.jpg 800w, https:\/\/www.haufe-akademie.de\/blog\/wp-content\/uploads\/2026\/04\/Immobilienmanagement-300x144@2x.jpg 600w\" sizes=\"auto, (max-width: 702px) 100vw, 702px\" \/>\n\t\t\t\t\t\t\t\t\t<\/div>\n\t\t\t\t\t\t\t\t\t<span class=\"cat-title larger cat-73\">\n\t\t\t\t\t\t<a href=\"https:\/\/www.haufe-akademie.de\/blog\/themen\/immobilien-themenbereiche\/\">Immobilienwirtschaft und \u2010management<\/a><\/span>\n\t\t\t\t\t\t\t\t<div class=\"highlights__content\">\n\t\t\t\t\t<div class=\"meta\">\n                        <time datetime=\"2026-04-10T10:00:17+02:00\" itemprop=\"datePublished\">7. April 2026 <\/time>\n\n                        \n\t\t\t\t\t\t<span class=\"comments\"><a href=\"https:\/\/www.haufe-akademie.de\/blog\/themen\/immobilien-themenbereiche\/immobilienmanagement\/#respond\"><i class=\"fa fa-comments-o\"><\/i>\n\t\t\t\t\t\t\t0<\/a><\/span>\n\n\t\t\t\t\t<\/div>\n\n                    <a href=\"https:\/\/www.haufe-akademie.de\/blog\/themen\/immobilien-themenbereiche\/immobilienmanagement\/\" itemprop=\"name headline\" class=\"highlights__title\">\n                        Immobilienmanagement: Ziele, Aufgaben und Phasen                    <\/a>\n\n\t\t\t\t\t\n\t\t\t\t\t<!-- <div class=\"excerpt\">\n\t\t\t\t\t\t<p>Den Wert von Immobilien zu erhalten und ihren Wert zu steigern ist die Kernaufgabe des Immobilienmanagements. Was alles zur Betreuung&hellip;<\/p>\n\t\t\t\t\t<\/div> -->\n\n\t\t\t\t\t\t\t\t\t\t\n\t\t\t\t\t<svg class=\"link-arrow\" width=\"16\" height=\"15\" viewBox=\"0 0 13 12\" fill=\"none\" xmlns=\"http:\/\/www.w3.org\/2000\/svg\">\n\t\t\t\t\t\t<path fill-rule=\"evenodd\" clip-rule=\"evenodd\" d=\"M7.03033 0.469727L12.5607 6.00006L7.03033 11.5304L5.96967 10.4697L9.68934 6.75006H0V5.25006H9.68934L5.96967 1.53039L7.03033 0.469727Z\" fill=\"#6F01F5\"\/>\n\t\t\t\t\t<\/svg>\n\t\t\t\t<\/div>\n\n\t\t\t<\/article>\n\n\t\t\n\n\t\t\n\t\t\t\n\n\n\t\n\t<\/section>\n\t<\/div><\/div>\n\n\t<div class=\"row cf highlights-box\"><div class=\"column half\">\n\n\t<section class=\"highlights\">\n\t\t\n\t\t\n\n\t\t\n\t\t\n\t\t\t<article itemscope itemtype=\"http:\/\/schema.org\/Article\">\n\n\t\t\t\t<div class=\"image-link\">\n\t\t\t\t\t<img loading=\"lazy\" decoding=\"async\" width=\"702\" height=\"336\" src=\"https:\/\/www.haufe-akademie.de\/blog\/wp-content\/uploads\/2026\/04\/E-Government-und-e-akte-702x336.jpg\" class=\"image wp-post-image\" alt=\"\" srcset=\"https:\/\/www.haufe-akademie.de\/blog\/wp-content\/uploads\/2026\/04\/E-Government-und-e-akte-702x336.jpg 702w, https:\/\/www.haufe-akademie.de\/blog\/wp-content\/uploads\/2026\/04\/E-Government-und-e-akte-150x72@2x.jpg 300w, https:\/\/www.haufe-akademie.de\/blog\/wp-content\/uploads\/2026\/04\/E-Government-und-e-akte-150x72.jpg 150w, https:\/\/www.haufe-akademie.de\/blog\/wp-content\/uploads\/2026\/04\/E-Government-und-e-akte.jpg 800w, https:\/\/www.haufe-akademie.de\/blog\/wp-content\/uploads\/2026\/04\/E-Government-und-e-akte-300x144@2x.jpg 600w\" sizes=\"auto, (max-width: 702px) 100vw, 702px\" \/>\n\t\t\t\t\t\t\t\t\t<\/div>\n\t\t\t\t\t\t\t\t\t<span class=\"cat-title larger cat-1085\">\n\t\t\t\t\t\t<a href=\"https:\/\/www.haufe-akademie.de\/blog\/themen\/oeffentlicher-dienst\/\">\u00d6ffentlicher Dienst<\/a><\/span>\n\t\t\t\t\t\t\t\t<div class=\"highlights__content\">\n\t\t\t\t\t<div class=\"meta\">\n                        <time datetime=\"2026-04-17T10:00:20+02:00\" itemprop=\"datePublished\">13. April 2026 <\/time>\n\n                        \n\t\t\t\t\t\t<span class=\"comments\"><a href=\"https:\/\/www.haufe-akademie.de\/blog\/themen\/oeffentlicher-dienst\/e-government\/#respond\"><i class=\"fa fa-comments-o\"><\/i>\n\t\t\t\t\t\t\t0<\/a><\/span>\n\n\t\t\t\t\t<\/div>\n\n                    <a href=\"https:\/\/www.haufe-akademie.de\/blog\/themen\/oeffentlicher-dienst\/e-government\/\" itemprop=\"name headline\" class=\"highlights__title\">\n                        E-Government und E-Akte                    <\/a>\n\n\t\t\t\t\t\n\t\t\t\t\t<!-- <div class=\"excerpt\">\n\t\t\t\t\t\t<p>Papierstapel, lange Wartezeiten, Formulare in mehrfacher Ausfertigung: Das kennt jede:r aus dem Beh\u00f6rdenalltag. Durch die Digitalisierung ist die \u00f6ffentliche Verwaltung&hellip;<\/p>\n\t\t\t\t\t<\/div> -->\n\n\t\t\t\t\t\t\t\t\t\t\n\t\t\t\t\t<svg class=\"link-arrow\" width=\"16\" height=\"15\" viewBox=\"0 0 13 12\" fill=\"none\" xmlns=\"http:\/\/www.w3.org\/2000\/svg\">\n\t\t\t\t\t\t<path fill-rule=\"evenodd\" clip-rule=\"evenodd\" d=\"M7.03033 0.469727L12.5607 6.00006L7.03033 11.5304L5.96967 10.4697L9.68934 6.75006H0V5.25006H9.68934L5.96967 1.53039L7.03033 0.469727Z\" fill=\"#6F01F5\"\/>\n\t\t\t\t\t<\/svg>\n\t\t\t\t<\/div>\n\n\t\t\t<\/article>\n\n\t\t\n\n\t\t\n\t\t\t\n\n\n\t\n\t<\/section>\n\t<\/div><div class=\"column half\">\n\n\t<section class=\"highlights\">\n\t\t\n\t\t\n\n\t\t\n\t\t\n\t\t\t<article itemscope itemtype=\"http:\/\/schema.org\/Article\">\n\n\t\t\t\t<div class=\"image-link\">\n\t\t\t\t\t<img loading=\"lazy\" decoding=\"async\" width=\"702\" height=\"336\" src=\"https:\/\/www.haufe-akademie.de\/blog\/wp-content\/uploads\/2026\/04\/Personal-Assistant-702x336.png\" class=\"image wp-post-image\" alt=\"\" srcset=\"https:\/\/www.haufe-akademie.de\/blog\/wp-content\/uploads\/2026\/04\/Personal-Assistant-702x336.png 702w, https:\/\/www.haufe-akademie.de\/blog\/wp-content\/uploads\/2026\/04\/Personal-Assistant-150x72@2x.png 300w, https:\/\/www.haufe-akademie.de\/blog\/wp-content\/uploads\/2026\/04\/Personal-Assistant-150x72.png 150w, https:\/\/www.haufe-akademie.de\/blog\/wp-content\/uploads\/2026\/04\/Personal-Assistant.png 800w, https:\/\/www.haufe-akademie.de\/blog\/wp-content\/uploads\/2026\/04\/Personal-Assistant-300x144@2x.png 600w\" sizes=\"auto, (max-width: 702px) 100vw, 702px\" \/>\n\t\t\t\t\t\t\t\t\t<\/div>\n\t\t\t\t\t\t\t\t\t<span class=\"cat-title larger cat-1786\">\n\t\t\t\t\t\t<a href=\"https:\/\/www.haufe-akademie.de\/blog\/berufe\/\">Berufe<\/a><\/span>\n\t\t\t\t\t\t\t\t<div class=\"highlights__content\">\n\t\t\t\t\t<div class=\"meta\">\n                        <time datetime=\"2026-04-10T11:00:37+02:00\" itemprop=\"datePublished\">8. April 2026 <\/time>\n\n                        \n\t\t\t\t\t\t<span class=\"comments\"><a href=\"https:\/\/www.haufe-akademie.de\/blog\/berufe\/personal-assistant\/#respond\"><i class=\"fa fa-comments-o\"><\/i>\n\t\t\t\t\t\t\t0<\/a><\/span>\n\n\t\t\t\t\t<\/div>\n\n                    <a href=\"https:\/\/www.haufe-akademie.de\/blog\/berufe\/personal-assistant\/\" itemprop=\"name headline\" class=\"highlights__title\">\n                        Personal Assistant: Ausbildung, Gehalt und Weiterbildung                    <\/a>\n\n\t\t\t\t\t\n\t\t\t\t\t<!-- <div class=\"excerpt\">\n\t\t\t\t\t\t<p>Ein Personal Assistant (PA) ist die rechte Hand der Gesch\u00e4ftsf\u00fchrung oder einer einzelnen F\u00fchrungskraft und \u00fcbernimmt ein vielseitiges Aufgabenspektrum, das&hellip;<\/p>\n\t\t\t\t\t<\/div> -->\n\n\t\t\t\t\t\t\t\t\t\t\n\t\t\t\t\t<svg class=\"link-arrow\" width=\"16\" height=\"15\" viewBox=\"0 0 13 12\" fill=\"none\" xmlns=\"http:\/\/www.w3.org\/2000\/svg\">\n\t\t\t\t\t\t<path fill-rule=\"evenodd\" clip-rule=\"evenodd\" d=\"M7.03033 0.469727L12.5607 6.00006L7.03033 11.5304L5.96967 10.4697L9.68934 6.75006H0V5.25006H9.68934L5.96967 1.53039L7.03033 0.469727Z\" fill=\"#6F01F5\"\/>\n\t\t\t\t\t<\/svg>\n\t\t\t\t<\/div>\n\n\t\t\t<\/article>\n\n\t\t\n\n\t\t\n\t\t\t\n\n\n\t\n\t<\/section>\n\t<\/div><\/div>\n\n","protected":false},"excerpt":{"rendered":"","protected":false},"author":30,"featured_media":39664,"parent":0,"menu_order":0,"comment_status":"closed","ping_status":"closed","template":"page-blocks.php","meta":{"_acf_changed":false,"_lmt_disableupdate":"no","_lmt_disable":"","footnotes":""},"class_list":["post-464","page","type-page","status-publish","has-post-thumbnail"],"acf":[],"yoast_head":"<!-- This site is optimized with the Yoast SEO plugin v27.4 - https:\/\/yoast.com\/product\/yoast-seo-wordpress\/ -->\n<title>Blog der Haufe Akademie<\/title>\n<meta name=\"description\" content=\"In dem Blog der Haufe Akademie findest du Fachartikel, Interviews und Beitr\u00e4ge rund um das Thema der beruflichen Qualifizierung und Weiterbildung.\" \/>\n<meta name=\"robots\" content=\"index, follow, max-snippet:-1, max-image-preview:large, max-video-preview:-1\" \/>\n<link rel=\"canonical\" href=\"https:\/\/www.haufe-akademie.de\/blog\/\" \/>\n<meta property=\"og:locale\" content=\"de_DE\" \/>\n<meta property=\"og:type\" content=\"article\" \/>\n<meta property=\"og:title\" content=\"Blog der Haufe Akademie\" \/>\n<meta property=\"og:description\" content=\"In dem Blog der Haufe Akademie findest du Fachartikel, Interviews und Beitr\u00e4ge rund um das Thema der beruflichen Qualifizierung und Weiterbildung.\" \/>\n<meta property=\"og:url\" content=\"https:\/\/www.haufe-akademie.de\/blog\/\" \/>\n<meta property=\"og:site_name\" content=\"Haufe Akademie\" \/>\n<meta property=\"article:publisher\" content=\"https:\/\/www.facebook.com\/HaufeAkademie\" \/>\n<meta property=\"article:modified_time\" content=\"2026-02-26T11:59:13+00:00\" \/>\n<meta property=\"og:image\" content=\"https:\/\/www.haufe-akademie.de\/blog\/wp-content\/uploads\/2025\/11\/Headerbild-home-neu.png\" \/>\n\t<meta property=\"og:image:width\" content=\"1920\" \/>\n\t<meta property=\"og:image:height\" content=\"754\" \/>\n\t<meta property=\"og:image:type\" content=\"image\/png\" \/>\n<meta name=\"twitter:card\" content=\"summary_large_image\" \/>\n<meta name=\"twitter:site\" content=\"@HaufeAkademie\" \/>\n<meta name=\"twitter:label1\" content=\"Verfasst von\" \/>\n\t<meta name=\"twitter:data1\" content=\"Online-Redaktion\" \/>\n\t<meta name=\"twitter:label2\" content=\"Gesch\u00e4tzte Lesezeit\" \/>\n\t<meta name=\"twitter:data2\" content=\" Minuten\" \/>\n<!-- \/ Yoast SEO plugin. -->","yoast_head_json":{"title":"Blog der Haufe Akademie","description":"In dem Blog der Haufe Akademie findest du Fachartikel, Interviews und Beitr\u00e4ge rund um das Thema der beruflichen Qualifizierung und Weiterbildung.","robots":{"index":"index","follow":"follow","max-snippet":"max-snippet:-1","max-image-preview":"max-image-preview:large","max-video-preview":"max-video-preview:-1"},"canonical":"https:\/\/www.haufe-akademie.de\/blog\/","og_locale":"de_DE","og_type":"article","og_title":"Blog der Haufe Akademie","og_description":"In dem Blog der Haufe Akademie findest du Fachartikel, Interviews und Beitr\u00e4ge rund um das Thema der beruflichen Qualifizierung und Weiterbildung.","og_url":"https:\/\/www.haufe-akademie.de\/blog\/","og_site_name":"Haufe Akademie","article_publisher":"https:\/\/www.facebook.com\/HaufeAkademie","article_modified_time":"2026-02-26T11:59:13+00:00","og_image":[{"width":1920,"height":754,"url":"https:\/\/www.haufe-akademie.de\/blog\/wp-content\/uploads\/2025\/11\/Headerbild-home-neu.png","type":"image\/png"}],"twitter_card":"summary_large_image","twitter_site":"@HaufeAkademie","twitter_misc":{"Verfasst von":"Online-Redaktion","Gesch\u00e4tzte Lesezeit":" Minuten"},"schema":{"@context":"https:\/\/schema.org","@graph":[{"@type":"WebPage","@id":"https:\/\/www.haufe-akademie.de\/blog\/","url":"https:\/\/www.haufe-akademie.de\/blog\/","name":"Blog der Haufe Akademie","isPartOf":{"@id":"https:\/\/www.haufe-akademie.de\/blog\/#website"},"primaryImageOfPage":{"@id":"https:\/\/www.haufe-akademie.de\/blog\/#primaryimage"},"image":{"@id":"https:\/\/www.haufe-akademie.de\/blog\/#primaryimage"},"thumbnailUrl":"https:\/\/www.haufe-akademie.de\/blog\/wp-content\/uploads\/2025\/11\/Headerbild-home-neu.png","datePublished":"2014-05-21T08:07:55+00:00","dateModified":"2026-02-26T11:59:13+00:00","description":"In dem Blog der Haufe Akademie findest du Fachartikel, Interviews und Beitr\u00e4ge rund um das Thema der beruflichen Qualifizierung und Weiterbildung.","breadcrumb":{"@id":"https:\/\/www.haufe-akademie.de\/blog\/#breadcrumb"},"inLanguage":"de-DE","potentialAction":[{"@type":"ReadAction","target":["https:\/\/www.haufe-akademie.de\/blog\/"]}]},{"@type":"ImageObject","inLanguage":"de-DE","@id":"https:\/\/www.haufe-akademie.de\/blog\/#primaryimage","url":"https:\/\/www.haufe-akademie.de\/blog\/wp-content\/uploads\/2025\/11\/Headerbild-home-neu.png","contentUrl":"https:\/\/www.haufe-akademie.de\/blog\/wp-content\/uploads\/2025\/11\/Headerbild-home-neu.png","width":1920,"height":754},{"@type":"BreadcrumbList","@id":"https:\/\/www.haufe-akademie.de\/blog\/#breadcrumb","itemListElement":[{"@type":"ListItem","position":1,"name":"Home","item":"https:\/\/www.haufe-akademie.de\/blog\/"},{"@type":"ListItem","position":2,"name":"Blog-Themen"}]},{"@type":"WebSite","@id":"https:\/\/www.haufe-akademie.de\/blog\/#website","url":"https:\/\/www.haufe-akademie.de\/blog\/","name":"Haufe Akademie","description":"","publisher":{"@id":"https:\/\/www.haufe-akademie.de\/blog\/#organization"},"potentialAction":[{"@type":"SearchAction","target":{"@type":"EntryPoint","urlTemplate":"https:\/\/www.haufe-akademie.de\/blog\/?s={search_term_string}"},"query-input":{"@type":"PropertyValueSpecification","valueRequired":true,"valueName":"search_term_string"}}],"inLanguage":"de-DE"},{"@type":"Organization","@id":"https:\/\/www.haufe-akademie.de\/blog\/#organization","name":"Haufe Akademie","url":"https:\/\/www.haufe-akademie.de\/blog\/","logo":{"@type":"ImageObject","inLanguage":"de-DE","@id":"https:\/\/www.haufe-akademie.de\/blog\/#\/schema\/logo\/image\/","url":"https:\/\/www.haufe-akademie.de\/blog\/wp-content\/uploads\/2024\/06\/favicon_haufe.png","contentUrl":"https:\/\/www.haufe-akademie.de\/blog\/wp-content\/uploads\/2024\/06\/favicon_haufe.png","width":144,"height":144,"caption":"Haufe Akademie"},"image":{"@id":"https:\/\/www.haufe-akademie.de\/blog\/#\/schema\/logo\/image\/"},"sameAs":["https:\/\/www.facebook.com\/HaufeAkademie","https:\/\/x.com\/HaufeAkademie"]}]}},"jetpack_sharing_enabled":true,"amp_enabled":false,"_links":{"self":[{"href":"https:\/\/www.haufe-akademie.de\/blog\/wp-json\/wp\/v2\/pages\/464","targetHints":{"allow":["GET"]}}],"collection":[{"href":"https:\/\/www.haufe-akademie.de\/blog\/wp-json\/wp\/v2\/pages"}],"about":[{"href":"https:\/\/www.haufe-akademie.de\/blog\/wp-json\/wp\/v2\/types\/page"}],"author":[{"embeddable":true,"href":"https:\/\/www.haufe-akademie.de\/blog\/wp-json\/wp\/v2\/users\/30"}],"replies":[{"embeddable":true,"href":"https:\/\/www.haufe-akademie.de\/blog\/wp-json\/wp\/v2\/comments?post=464"}],"version-history":[{"count":5,"href":"https:\/\/www.haufe-akademie.de\/blog\/wp-json\/wp\/v2\/pages\/464\/revisions"}],"predecessor-version":[{"id":43209,"href":"https:\/\/www.haufe-akademie.de\/blog\/wp-json\/wp\/v2\/pages\/464\/revisions\/43209"}],"wp:featuredmedia":[{"embeddable":true,"href":"https:\/\/www.haufe-akademie.de\/blog\/wp-json\/wp\/v2\/media\/39664"}],"wp:attachment":[{"href":"https:\/\/www.haufe-akademie.de\/blog\/wp-json\/wp\/v2\/media?parent=464"}],"curies":[{"name":"wp","href":"https:\/\/api.w.org\/{rel}","templated":true}]}}